{"id":195,"date":"2011-05-15T16:58:42","date_gmt":"2011-05-15T14:58:42","guid":{"rendered":"http:\/\/www.oseba.ch\/wordpress\/?page_id=195"},"modified":"2012-02-07T22:24:10","modified_gmt":"2012-02-07T21:24:10","slug":"galerie-photos-avant-le-depart","status":"publish","type":"page","link":"https:\/\/www.oseba.ch\/wordpress\/galerie-photos-avant-le-depart","title":{"rendered":"Photos de nos nuits"},"content":{"rendered":"<p style=\"text-align: center;\">D\u00e8s le 19 octobre 2011, Ald\u00e9a, pr\u00e8s de Tortosa, petite maison dans les oliviers.<\/p>\n<p style=\"text-align: center;\"><a href=\"https:\/\/www.oseba.ch\/wordpress\/wp-content\/uploads\/2011\/05\/tn_DSC_1573.jpg\"><img loading=\"lazy\" decoding=\"async\" class=\"aligncenter size-medium wp-image-757\" title=\"tn_DSC_1573\" src=\"https:\/\/www.oseba.ch\/wordpress\/wp-content\/uploads\/2011\/05\/tn_DSC_1573-300x198.jpg\" alt=\"\" width=\"300\" height=\"198\" srcset=\"https:\/\/www.oseba.ch\/wordpress\/wp-content\/uploads\/2011\/05\/tn_DSC_1573-300x198.jpg 300w, https:\/\/www.oseba.ch\/wordpress\/wp-content\/uploads\/2011\/05\/tn_DSC_1573.jpg 1024w\" sizes=\"(max-width: 300px) 100vw, 300px\" \/><\/a><\/p>\n<p style=\"text-align: center;\"><a href=\"https:\/\/www.oseba.ch\/wordpress\/wp-content\/uploads\/2011\/05\/tn_DSC_1628.jpg\"><img loading=\"lazy\" decoding=\"async\" class=\"aligncenter size-medium wp-image-758\" title=\"tn_DSC_1628\" src=\"https:\/\/www.oseba.ch\/wordpress\/wp-content\/uploads\/2011\/05\/tn_DSC_1628-300x198.jpg\" alt=\"\" width=\"300\" height=\"198\" srcset=\"https:\/\/www.oseba.ch\/wordpress\/wp-content\/uploads\/2011\/05\/tn_DSC_1628-300x198.jpg 300w, https:\/\/www.oseba.ch\/wordpress\/wp-content\/uploads\/2011\/05\/tn_DSC_1628.jpg 1024w\" sizes=\"(max-width: 300px) 100vw, 300px\" \/><\/a><\/p>\n<p style=\"text-align: center;\">10-16 octobre 2011, Creixell, Borrass\u00e0, Espagne, dodo dans un gite rural, super accueil et belle demeure.<\/p>\n<p><a href=\"https:\/\/www.oseba.ch\/wordpress\/wp-content\/uploads\/2011\/05\/tn_DSC_1334.jpg\"><img loading=\"lazy\" decoding=\"async\" class=\"alignleft size-medium wp-image-715\" title=\"tn_DSC_1316\" src=\"https:\/\/www.oseba.ch\/wordpress\/wp-content\/uploads\/2011\/05\/tn_DSC_1316-300x198.jpg\" alt=\"\" width=\"270\" height=\"178\" srcset=\"https:\/\/www.oseba.ch\/wordpress\/wp-content\/uploads\/2011\/05\/tn_DSC_1316-300x198.jpg 300w, https:\/\/www.oseba.ch\/wordpress\/wp-content\/uploads\/2011\/05\/tn_DSC_1316.jpg 1024w\" sizes=\"(max-width: 270px) 100vw, 270px\" \/><img loading=\"lazy\" decoding=\"async\" title=\"tn_DSC_1334\" src=\"https:\/\/www.oseba.ch\/wordpress\/wp-content\/uploads\/2011\/05\/tn_DSC_1334-300x198.jpg\" alt=\"\" width=\"270\" height=\"178\" \/><\/a><\/p>\n<p style=\"text-align: center;\">9 octobre 2011, Vilabertran, Espagne, nuit dans un h\u00f4tel, nous en avons marre de monter et ranger la tente et le matos.<\/p>\n<p style=\"text-align: center;\"><a href=\"https:\/\/www.oseba.ch\/wordpress\/wp-content\/uploads\/2011\/05\/tn_DSC_1304.jpg\"><img loading=\"lazy\" decoding=\"async\" class=\"aligncenter size-medium wp-image-714\" title=\"tn_DSC_1304\" src=\"https:\/\/www.oseba.ch\/wordpress\/wp-content\/uploads\/2011\/05\/tn_DSC_1304-300x198.jpg\" alt=\"\" width=\"300\" height=\"198\" srcset=\"https:\/\/www.oseba.ch\/wordpress\/wp-content\/uploads\/2011\/05\/tn_DSC_1304-300x198.jpg 300w, https:\/\/www.oseba.ch\/wordpress\/wp-content\/uploads\/2011\/05\/tn_DSC_1304.jpg 1024w\" sizes=\"(max-width: 300px) 100vw, 300px\" \/><\/a><\/p>\n<p style=\"text-align: center;\">8 octobre 2011, El Moli Nou, Espagne, bivouac \u00e0 c\u00f4t\u00e9 d\u2019une superbe cascade dans une nuit venteuse.<\/p>\n<p style=\"text-align: center;\"><a href=\"https:\/\/www.oseba.ch\/wordpress\/wp-content\/uploads\/2011\/05\/tn_DSC_1281.jpg\"><img loading=\"lazy\" decoding=\"async\" class=\"aligncenter size-medium wp-image-713\" title=\"tn_DSC_1281\" src=\"https:\/\/www.oseba.ch\/wordpress\/wp-content\/uploads\/2011\/05\/tn_DSC_1281-300x198.jpg\" alt=\"\" width=\"300\" height=\"198\" srcset=\"https:\/\/www.oseba.ch\/wordpress\/wp-content\/uploads\/2011\/05\/tn_DSC_1281-300x198.jpg 300w, https:\/\/www.oseba.ch\/wordpress\/wp-content\/uploads\/2011\/05\/tn_DSC_1281.jpg 1024w\" sizes=\"(max-width: 300px) 100vw, 300px\" \/><\/a><\/p>\n<p style=\"text-align: center;\">6-7 octobre 2011, Darnius, Espagne, dodo dans une caravane dans un h\u00f4tel tenu par des Suisses.<\/p>\n<p style=\"text-align: center;\"><a href=\"https:\/\/www.oseba.ch\/wordpress\/wp-content\/uploads\/2011\/05\/tn_DSC_1236.jpg\"><img loading=\"lazy\" decoding=\"async\" class=\"aligncenter size-medium wp-image-712\" title=\"tn_DSC_1236\" src=\"https:\/\/www.oseba.ch\/wordpress\/wp-content\/uploads\/2011\/05\/tn_DSC_1236-300x198.jpg\" alt=\"\" width=\"300\" height=\"198\" srcset=\"https:\/\/www.oseba.ch\/wordpress\/wp-content\/uploads\/2011\/05\/tn_DSC_1236-300x198.jpg 300w, https:\/\/www.oseba.ch\/wordpress\/wp-content\/uploads\/2011\/05\/tn_DSC_1236.jpg 1024w\" sizes=\"(max-width: 300px) 100vw, 300px\" \/><\/a><\/p>\n<p style=\"text-align: center;\">5 octobre 2011, Ma\u00e7anet-de-Cabrenys, Espagne, nuit dans une immense salle communale avec matelas.<\/p>\n<p style=\"text-align: center;\"><a href=\"https:\/\/www.oseba.ch\/wordpress\/wp-content\/uploads\/2011\/05\/tn_DSC_1222.jpg\"><img loading=\"lazy\" decoding=\"async\" class=\"aligncenter size-medium wp-image-711\" title=\"tn_DSC_1222\" src=\"https:\/\/www.oseba.ch\/wordpress\/wp-content\/uploads\/2011\/05\/tn_DSC_1222-300x198.jpg\" alt=\"\" width=\"300\" height=\"198\" srcset=\"https:\/\/www.oseba.ch\/wordpress\/wp-content\/uploads\/2011\/05\/tn_DSC_1222-300x198.jpg 300w, https:\/\/www.oseba.ch\/wordpress\/wp-content\/uploads\/2011\/05\/tn_DSC_1222.jpg 1024w\" sizes=\"(max-width: 300px) 100vw, 300px\" \/><\/a><\/p>\n<p style=\"text-align: center;\">4 octobre 2011, Tapis, Espagne, bivouac \u00e0 c\u00f4t\u00e9 de la place de jeu et les \u00e2nes trouvent un coin de pr\u00e9.<\/p>\n<p style=\"text-align: center;\"><a href=\"https:\/\/www.oseba.ch\/wordpress\/wp-content\/uploads\/2011\/05\/tn_DSC_1194.jpg\"><img loading=\"lazy\" decoding=\"async\" class=\"aligncenter size-medium wp-image-710\" title=\"tn_DSC_1194\" src=\"https:\/\/www.oseba.ch\/wordpress\/wp-content\/uploads\/2011\/05\/tn_DSC_1194-300x198.jpg\" alt=\"\" width=\"300\" height=\"198\" srcset=\"https:\/\/www.oseba.ch\/wordpress\/wp-content\/uploads\/2011\/05\/tn_DSC_1194-300x198.jpg 300w, https:\/\/www.oseba.ch\/wordpress\/wp-content\/uploads\/2011\/05\/tn_DSC_1194.jpg 1024w\" sizes=\"(max-width: 300px) 100vw, 300px\" \/><\/a><\/p>\n<p style=\"text-align: center;\">3 octobre 2011, Mas Boadella, nous esp\u00e9rions trouver un refuge, mais il n\u2019y a personne. Nous plantons la tente dans un espace de silence et de montagne magnifique.<\/p>\n<p style=\"text-align: center;\"><a href=\"https:\/\/www.oseba.ch\/wordpress\/wp-content\/uploads\/2011\/05\/tn_DSC_1179.jpg\"><img loading=\"lazy\" decoding=\"async\" class=\"aligncenter size-medium wp-image-709\" title=\"tn_DSC_1179\" src=\"https:\/\/www.oseba.ch\/wordpress\/wp-content\/uploads\/2011\/05\/tn_DSC_1179-300x198.jpg\" alt=\"\" width=\"300\" height=\"198\" srcset=\"https:\/\/www.oseba.ch\/wordpress\/wp-content\/uploads\/2011\/05\/tn_DSC_1179-300x198.jpg 300w, https:\/\/www.oseba.ch\/wordpress\/wp-content\/uploads\/2011\/05\/tn_DSC_1179.jpg 1024w\" sizes=\"(max-width: 300px) 100vw, 300px\" \/><\/a><\/p>\n<p style=\"text-align: center;\">29-30 septembre et 1<sup>er<\/sup> octobre 2011, Arles-sur-Tech, camping Riuferrer au bord de la rivi\u00e8re, retour \u00e0 300 m.<\/p>\n<p style=\"text-align: center;\"><a href=\"https:\/\/www.oseba.ch\/wordpress\/wp-content\/uploads\/2011\/05\/tn_DSC_11321.jpg\"><img loading=\"lazy\" decoding=\"async\" class=\"aligncenter size-medium wp-image-690\" title=\"tn_DSC_1132\" src=\"https:\/\/www.oseba.ch\/wordpress\/wp-content\/uploads\/2011\/05\/tn_DSC_11321-300x198.jpg\" alt=\"\" width=\"300\" height=\"198\" srcset=\"https:\/\/www.oseba.ch\/wordpress\/wp-content\/uploads\/2011\/05\/tn_DSC_11321-300x198.jpg 300w, https:\/\/www.oseba.ch\/wordpress\/wp-content\/uploads\/2011\/05\/tn_DSC_11321.jpg 1024w\" sizes=\"(max-width: 300px) 100vw, 300px\" \/><\/a><\/p>\n<p style=\"text-align: center;\">28 septembre 2011, Refuge de Bat\u00e8re, apr\u00e8s une bonne journ\u00e9e de marche, \u00e0 1&rsquo;400 m\u00e8tre d\u2019altitude. Photo de la vue.<\/p>\n<p style=\"text-align: center;\"><a href=\"https:\/\/www.oseba.ch\/wordpress\/wp-content\/uploads\/2011\/05\/tn_DSC_1085.jpg\"><img loading=\"lazy\" decoding=\"async\" class=\"aligncenter size-medium wp-image-691\" title=\"tn_DSC_1085\" src=\"https:\/\/www.oseba.ch\/wordpress\/wp-content\/uploads\/2011\/05\/tn_DSC_1085-300x198.jpg\" alt=\"\" width=\"300\" height=\"198\" srcset=\"https:\/\/www.oseba.ch\/wordpress\/wp-content\/uploads\/2011\/05\/tn_DSC_1085-300x198.jpg 300w, https:\/\/www.oseba.ch\/wordpress\/wp-content\/uploads\/2011\/05\/tn_DSC_1085.jpg 1024w\" sizes=\"(max-width: 300px) 100vw, 300px\" \/><\/a><\/p>\n<p style=\"text-align: center;\">27 septembre 2011, Ballestavy, bivouac sur un pr\u00e9, terrain de Janne et Job, au bord de la rivi\u00e8re, autour d\u2019un feu pour se r\u00e9chauffer.<\/p>\n<p style=\"text-align: center;\"><a href=\"https:\/\/www.oseba.ch\/wordpress\/wp-content\/uploads\/2011\/05\/tn_DSC_1019.jpg\"><img loading=\"lazy\" decoding=\"async\" class=\"aligncenter size-medium wp-image-688\" title=\"tn_DSC_1019\" src=\"https:\/\/www.oseba.ch\/wordpress\/wp-content\/uploads\/2011\/05\/tn_DSC_1019-300x198.jpg\" alt=\"\" width=\"300\" height=\"198\" srcset=\"https:\/\/www.oseba.ch\/wordpress\/wp-content\/uploads\/2011\/05\/tn_DSC_1019-300x198.jpg 300w, https:\/\/www.oseba.ch\/wordpress\/wp-content\/uploads\/2011\/05\/tn_DSC_1019.jpg 1024w\" sizes=\"(max-width: 300px) 100vw, 300px\" \/><\/a><\/p>\n<p style=\"text-align: center;\">25-26 septembre 2011, Vin\u00e7a, camping au bord du lac des Escoumes, repos apr\u00e8s une journ\u00e9e bien charg\u00e9e.<\/p>\n<p style=\"text-align: center;\"><a href=\"https:\/\/www.oseba.ch\/wordpress\/wp-content\/uploads\/2011\/05\/tn_DSC_1007.jpg\"><img loading=\"lazy\" decoding=\"async\" class=\"aligncenter size-medium wp-image-687\" title=\"tn_DSC_1007\" src=\"https:\/\/www.oseba.ch\/wordpress\/wp-content\/uploads\/2011\/05\/tn_DSC_1007-300x198.jpg\" alt=\"\" width=\"300\" height=\"198\" srcset=\"https:\/\/www.oseba.ch\/wordpress\/wp-content\/uploads\/2011\/05\/tn_DSC_1007-300x198.jpg 300w, https:\/\/www.oseba.ch\/wordpress\/wp-content\/uploads\/2011\/05\/tn_DSC_1007.jpg 1024w\" sizes=\"(max-width: 300px) 100vw, 300px\" \/><\/a><\/p>\n<p style=\"text-align: center;\">24 septembre 2011, Trilla, dodo sur nos matelas dans l\u2019ancienne cave \u00e0 vin de Monica, avec Bastou et Laetitia.<\/p>\n<p style=\"text-align: center;\"><a href=\"https:\/\/www.oseba.ch\/wordpress\/wp-content\/uploads\/2011\/05\/tn_DSC_09811.jpg\"><img loading=\"lazy\" decoding=\"async\" class=\"aligncenter size-medium wp-image-686\" title=\"tn_DSC_0981\" src=\"https:\/\/www.oseba.ch\/wordpress\/wp-content\/uploads\/2011\/05\/tn_DSC_09811-300x198.jpg\" alt=\"\" width=\"300\" height=\"198\" srcset=\"https:\/\/www.oseba.ch\/wordpress\/wp-content\/uploads\/2011\/05\/tn_DSC_09811-300x198.jpg 300w, https:\/\/www.oseba.ch\/wordpress\/wp-content\/uploads\/2011\/05\/tn_DSC_09811.jpg 1024w\" sizes=\"(max-width: 300px) 100vw, 300px\" \/><\/a><\/p>\n<p style=\"text-align: center;\">23 septembre 2011, Ansignan, bivouac dans le camping municipal qui n\u2019est plus en fonction, en compagnie de Bastou et Laetitia.<\/p>\n<p style=\"text-align: center;\"><a href=\"https:\/\/www.oseba.ch\/wordpress\/wp-content\/uploads\/2011\/05\/tn_DSC_0964.jpg\"><img loading=\"lazy\" decoding=\"async\" class=\"aligncenter size-medium wp-image-685\" title=\"tn_DSC_0964\" src=\"https:\/\/www.oseba.ch\/wordpress\/wp-content\/uploads\/2011\/05\/tn_DSC_0964-300x198.jpg\" alt=\"\" width=\"300\" height=\"198\" srcset=\"https:\/\/www.oseba.ch\/wordpress\/wp-content\/uploads\/2011\/05\/tn_DSC_0964-300x198.jpg 300w, https:\/\/www.oseba.ch\/wordpress\/wp-content\/uploads\/2011\/05\/tn_DSC_0964.jpg 1024w\" sizes=\"(max-width: 300px) 100vw, 300px\" \/><\/a><\/p>\n<p style=\"text-align: center;\">21-22 septembre 2011, St Paul-de-Fenouillet, bivouac chez Line et Jesko qui nous accueille sur leur terrain, apr\u00e8s rencontre avec Bastou et Laetitia avec leurs chevaux.<\/p>\n<p style=\"text-align: center;\"><a href=\"https:\/\/www.oseba.ch\/wordpress\/wp-content\/uploads\/2011\/05\/tn_DSC_0957.jpg\"><img loading=\"lazy\" decoding=\"async\" class=\"aligncenter size-medium wp-image-684\" title=\"tn_DSC_0957\" src=\"https:\/\/www.oseba.ch\/wordpress\/wp-content\/uploads\/2011\/05\/tn_DSC_0957-300x198.jpg\" alt=\"\" width=\"300\" height=\"198\" srcset=\"https:\/\/www.oseba.ch\/wordpress\/wp-content\/uploads\/2011\/05\/tn_DSC_0957-300x198.jpg 300w, https:\/\/www.oseba.ch\/wordpress\/wp-content\/uploads\/2011\/05\/tn_DSC_0957.jpg 1024w\" sizes=\"(max-width: 300px) 100vw, 300px\" \/><\/a><\/p>\n<p style=\"text-align: center;\">20 septembre 2011, Duilhac-sous-Peyrepertuse, gite communal, apr\u00e8s visite du ch\u00e2teau de Peyrepertuse.<\/p>\n<p style=\"text-align: center;\"><a href=\"https:\/\/www.oseba.ch\/wordpress\/wp-content\/uploads\/2011\/05\/tn_DSC_0834.jpg\"><img loading=\"lazy\" decoding=\"async\" class=\"aligncenter size-medium wp-image-683\" title=\"tn_DSC_0834\" src=\"https:\/\/www.oseba.ch\/wordpress\/wp-content\/uploads\/2011\/05\/tn_DSC_0834-300x198.jpg\" alt=\"\" width=\"300\" height=\"198\" srcset=\"https:\/\/www.oseba.ch\/wordpress\/wp-content\/uploads\/2011\/05\/tn_DSC_0834-300x198.jpg 300w, https:\/\/www.oseba.ch\/wordpress\/wp-content\/uploads\/2011\/05\/tn_DSC_0834.jpg 1024w\" sizes=\"(max-width: 300px) 100vw, 300px\" \/><\/a><\/p>\n<p style=\"text-align: center;\">19 septembre 2011, Cucugnan, dodo dans camping car, au milieu du village, apr\u00e8s visite du ch\u00e2teau de Qu\u00e9ribus.<\/p>\n<p style=\"text-align: center;\"><a href=\"https:\/\/www.oseba.ch\/wordpress\/wp-content\/uploads\/2011\/05\/tn__DSC9552.jpg\"><img loading=\"lazy\" decoding=\"async\" class=\"aligncenter size-medium wp-image-692\" title=\"tn__DSC9552\" src=\"https:\/\/www.oseba.ch\/wordpress\/wp-content\/uploads\/2011\/05\/tn__DSC9552-300x201.jpg\" alt=\"\" width=\"300\" height=\"201\" srcset=\"https:\/\/www.oseba.ch\/wordpress\/wp-content\/uploads\/2011\/05\/tn__DSC9552-300x201.jpg 300w, https:\/\/www.oseba.ch\/wordpress\/wp-content\/uploads\/2011\/05\/tn__DSC9552.jpg 1024w\" sizes=\"(max-width: 300px) 100vw, 300px\" \/><\/a><\/p>\n<p style=\"text-align: center;\">17-18 septembre 2011, Tuchan, camping au bord des vignes, juste apr\u00e8s le ch\u00e2teau d\u2019Aguilar.<\/p>\n<p style=\"text-align: center;\"><a href=\"https:\/\/www.oseba.ch\/wordpress\/wp-content\/uploads\/2011\/05\/tn_DSC_0710.jpg\"><img loading=\"lazy\" decoding=\"async\" class=\"aligncenter size-medium wp-image-682\" title=\"tn_DSC_0710\" src=\"https:\/\/www.oseba.ch\/wordpress\/wp-content\/uploads\/2011\/05\/tn_DSC_0710-300x198.jpg\" alt=\"\" width=\"300\" height=\"198\" srcset=\"https:\/\/www.oseba.ch\/wordpress\/wp-content\/uploads\/2011\/05\/tn_DSC_0710-300x198.jpg 300w, https:\/\/www.oseba.ch\/wordpress\/wp-content\/uploads\/2011\/05\/tn_DSC_0710.jpg 1024w\" sizes=\"(max-width: 300px) 100vw, 300px\" \/><\/a><\/p>\n<p style=\"text-align: center;\">16 septembre 2011, Embre-et-Castelmaure, dodo dans le camping car des grands-parents, sur la place du village \u00e0 c\u00f4t\u00e9 de la coop\u00e9rative de vins.<\/p>\n<p style=\"text-align: center;\"><a href=\"https:\/\/www.oseba.ch\/wordpress\/wp-content\/uploads\/2011\/05\/tn_DSC_0613.jpg\"><img loading=\"lazy\" decoding=\"async\" class=\"aligncenter size-medium wp-image-681\" title=\"tn_DSC_0613\" src=\"https:\/\/www.oseba.ch\/wordpress\/wp-content\/uploads\/2011\/05\/tn_DSC_0613-300x198.jpg\" alt=\"\" width=\"300\" height=\"198\" srcset=\"https:\/\/www.oseba.ch\/wordpress\/wp-content\/uploads\/2011\/05\/tn_DSC_0613-300x198.jpg 300w, https:\/\/www.oseba.ch\/wordpress\/wp-content\/uploads\/2011\/05\/tn_DSC_0613.jpg 1024w\" sizes=\"(max-width: 300px) 100vw, 300px\" \/><\/a><\/p>\n<p style=\"text-align: center;\">15 septembre 2011, Durban-sur-Corbi\u00e8res, camping municipal qui devait fermer ce jour mais est rest\u00e9 ouvert un jour de plus.<\/p>\n<p style=\"text-align: center;\"><a href=\"https:\/\/www.oseba.ch\/wordpress\/wp-content\/uploads\/2011\/05\/tn_DSC_0579.jpg\"><img loading=\"lazy\" decoding=\"async\" class=\"aligncenter size-medium wp-image-680\" title=\"tn_DSC_0579\" src=\"https:\/\/www.oseba.ch\/wordpress\/wp-content\/uploads\/2011\/05\/tn_DSC_0579-300x198.jpg\" alt=\"\" width=\"300\" height=\"198\" srcset=\"https:\/\/www.oseba.ch\/wordpress\/wp-content\/uploads\/2011\/05\/tn_DSC_0579-300x198.jpg 300w, https:\/\/www.oseba.ch\/wordpress\/wp-content\/uploads\/2011\/05\/tn_DSC_0579.jpg 1024w\" sizes=\"(max-width: 300px) 100vw, 300px\" \/><\/a><\/p>\n<p style=\"text-align: center;\">14 septembre 2011, Roquefort-en-Corbi\u00e8res, bivouac au milieu du village, sur un pr\u00e9 d\u2019herbe s\u00e8che, dodo dans le camping car et connaissance avec les voisins.<\/p>\n<p style=\"text-align: center;\"><a href=\"https:\/\/www.oseba.ch\/wordpress\/wp-content\/uploads\/2011\/05\/tn_DSC_0515.jpg\"><img loading=\"lazy\" decoding=\"async\" class=\"aligncenter size-medium wp-image-679\" title=\"tn_DSC_0515\" src=\"https:\/\/www.oseba.ch\/wordpress\/wp-content\/uploads\/2011\/05\/tn_DSC_0515-300x198.jpg\" alt=\"\" width=\"300\" height=\"198\" srcset=\"https:\/\/www.oseba.ch\/wordpress\/wp-content\/uploads\/2011\/05\/tn_DSC_0515-300x198.jpg 300w, https:\/\/www.oseba.ch\/wordpress\/wp-content\/uploads\/2011\/05\/tn_DSC_0515.jpg 1024w\" sizes=\"(max-width: 300px) 100vw, 300px\" \/><\/a><\/p>\n<p style=\"text-align: center;\">13 septembre 2011, Port-la-Nouvelle, air de camping car, souper au resto pour l\u2019anniversaire de mariage des parents \u00e0 Sonia qui sont avec nous depuis une semaine.<\/p>\n<p style=\"text-align: center;\">9-12 septembre 2011, Port-la-Nouvelle, camping super, peut-\u00eatre le meilleur, car piscine chauff\u00e9e ext\u00e9rieur et int\u00e9rieur (presque trop chaude), toboggan, place de jeu magnifique et originale, mer \u00e0 5 min, internet, \u00e9picerie. A part des noceurs \u00e0 c\u00f4t\u00e9 de nous le premier soir et du vent, sinon, c&rsquo;est parfait.<\/p>\n<p style=\"text-align: center;\"><a href=\"https:\/\/www.oseba.ch\/wordpress\/wp-content\/uploads\/2011\/05\/tn_DSC_0359.jpg\"><img loading=\"lazy\" decoding=\"async\" class=\"aligncenter size-medium wp-image-640\" title=\"tn_DSC_0359\" src=\"https:\/\/www.oseba.ch\/wordpress\/wp-content\/uploads\/2011\/05\/tn_DSC_0359-300x198.jpg\" alt=\"\" width=\"300\" height=\"198\" srcset=\"https:\/\/www.oseba.ch\/wordpress\/wp-content\/uploads\/2011\/05\/tn_DSC_0359-300x198.jpg 300w, https:\/\/www.oseba.ch\/wordpress\/wp-content\/uploads\/2011\/05\/tn_DSC_0359.jpg 1024w\" sizes=\"(max-width: 300px) 100vw, 300px\" \/><\/a><\/p>\n<p style=\"text-align: center;\">8 septembre 2011, sortie de Narbonne, camping Floralys, au bord du canal de la Robine, avec piscine tr\u00e8s agr\u00e9able.<\/p>\n<p style=\"text-align: center;\"><a href=\"https:\/\/www.oseba.ch\/wordpress\/wp-content\/uploads\/2011\/05\/tn_DSC_0283.jpg\"><img loading=\"lazy\" decoding=\"async\" class=\"aligncenter size-medium wp-image-639\" title=\"tn_DSC_0283\" src=\"https:\/\/www.oseba.ch\/wordpress\/wp-content\/uploads\/2011\/05\/tn_DSC_0283-300x198.jpg\" alt=\"\" width=\"300\" height=\"198\" srcset=\"https:\/\/www.oseba.ch\/wordpress\/wp-content\/uploads\/2011\/05\/tn_DSC_0283-300x198.jpg 300w, https:\/\/www.oseba.ch\/wordpress\/wp-content\/uploads\/2011\/05\/tn_DSC_0283.jpg 1024w\" sizes=\"(max-width: 300px) 100vw, 300px\" \/><\/a><\/p>\n<p style=\"text-align: center;\">7 septembre 2011, Sall\u00e8les-d\u2019Aude, bivouac le long du canal de la Robine.<\/p>\n<p style=\"text-align: center;\"><a href=\"https:\/\/www.oseba.ch\/wordpress\/wp-content\/uploads\/2011\/05\/tn_DSC_0217.jpg\"><img loading=\"lazy\" decoding=\"async\" class=\"aligncenter size-medium wp-image-637\" title=\"tn_DSC_0217\" src=\"https:\/\/www.oseba.ch\/wordpress\/wp-content\/uploads\/2011\/05\/tn_DSC_0217-300x198.jpg\" alt=\"\" width=\"300\" height=\"198\" srcset=\"https:\/\/www.oseba.ch\/wordpress\/wp-content\/uploads\/2011\/05\/tn_DSC_0217-300x198.jpg 300w, https:\/\/www.oseba.ch\/wordpress\/wp-content\/uploads\/2011\/05\/tn_DSC_0217.jpg 1024w\" sizes=\"(max-width: 300px) 100vw, 300px\" \/><\/a>5-6 septembre 2011, Capestang, camping municipal, avec super place de jeu et belle emplacement pour les \u00e2nes.<\/p>\n<p style=\"text-align: center;\"><a href=\"https:\/\/www.oseba.ch\/wordpress\/wp-content\/uploads\/2011\/05\/tn__DSC9377.jpg\"><img loading=\"lazy\" decoding=\"async\" class=\"aligncenter size-medium wp-image-638\" title=\"tn__DSC9377\" src=\"https:\/\/www.oseba.ch\/wordpress\/wp-content\/uploads\/2011\/05\/tn__DSC9377-300x200.jpg\" alt=\"\" width=\"300\" height=\"200\" srcset=\"https:\/\/www.oseba.ch\/wordpress\/wp-content\/uploads\/2011\/05\/tn__DSC9377-300x200.jpg 300w, https:\/\/www.oseba.ch\/wordpress\/wp-content\/uploads\/2011\/05\/tn__DSC9377.jpg 1024w\" sizes=\"(max-width: 300px) 100vw, 300px\" \/><\/a><\/p>\n<p style=\"text-align: center;\">2-4 septembre 2011, Colombiers, camping des Peupliers, retrouvailles avec les parents de Sonia et d\u00e9gustation d&rsquo;une fondue.<\/p>\n<p style=\"text-align: center;\"><a href=\"https:\/\/www.oseba.ch\/wordpress\/wp-content\/uploads\/2011\/05\/tn__DSC9366.jpg\"><img loading=\"lazy\" decoding=\"async\" class=\"aligncenter size-medium wp-image-636\" title=\"tn__DSC9366\" src=\"https:\/\/www.oseba.ch\/wordpress\/wp-content\/uploads\/2011\/05\/tn__DSC9366-300x200.jpg\" alt=\"\" width=\"300\" height=\"200\" srcset=\"https:\/\/www.oseba.ch\/wordpress\/wp-content\/uploads\/2011\/05\/tn__DSC9366-300x200.jpg 300w, https:\/\/www.oseba.ch\/wordpress\/wp-content\/uploads\/2011\/05\/tn__DSC9366.jpg 1024w\" sizes=\"(max-width: 300px) 100vw, 300px\" \/><\/a><\/p>\n<p style=\"text-align: center;\">1<sup>er<\/sup> septembre 2011, juste apr\u00e8s les 8 \u00e9cluses de Fons\u00e9ranes, \u00e0 la sortie de B\u00e9ziers, avec vue sur sa cath\u00e9drale.<\/p>\n<p style=\"text-align: center;\"><a href=\"https:\/\/www.oseba.ch\/wordpress\/wp-content\/uploads\/2011\/05\/tn_DSCF3277.jpg\"><img loading=\"lazy\" decoding=\"async\" class=\"aligncenter size-medium wp-image-621\" title=\"tn_DSCF3277\" src=\"https:\/\/www.oseba.ch\/wordpress\/wp-content\/uploads\/2011\/05\/tn_DSCF3277-300x225.jpg\" alt=\"\" width=\"300\" height=\"225\" srcset=\"https:\/\/www.oseba.ch\/wordpress\/wp-content\/uploads\/2011\/05\/tn_DSCF3277-300x225.jpg 300w, https:\/\/www.oseba.ch\/wordpress\/wp-content\/uploads\/2011\/05\/tn_DSCF3277-200x150.jpg 200w, https:\/\/www.oseba.ch\/wordpress\/wp-content\/uploads\/2011\/05\/tn_DSCF3277.jpg 1024w\" sizes=\"(max-width: 300px) 100vw, 300px\" \/><\/a><\/p>\n<p style=\"text-align: center;\">31 ao\u00fbt 2011, Portiragne, bivouac sur un coin de pique-nique et petit orage en d\u00e9but de nuit.<\/p>\n<p style=\"text-align: center;\"><a href=\"https:\/\/www.oseba.ch\/wordpress\/wp-content\/uploads\/2011\/05\/tn_DSCF3247.jpg\"><img loading=\"lazy\" decoding=\"async\" class=\"aligncenter size-medium wp-image-620\" title=\"tn_DSCF3247\" src=\"https:\/\/www.oseba.ch\/wordpress\/wp-content\/uploads\/2011\/05\/tn_DSCF3247-300x225.jpg\" alt=\"\" width=\"300\" height=\"225\" srcset=\"https:\/\/www.oseba.ch\/wordpress\/wp-content\/uploads\/2011\/05\/tn_DSCF3247-300x225.jpg 300w, https:\/\/www.oseba.ch\/wordpress\/wp-content\/uploads\/2011\/05\/tn_DSCF3247-200x150.jpg 200w, https:\/\/www.oseba.ch\/wordpress\/wp-content\/uploads\/2011\/05\/tn_DSCF3247.jpg 1024w\" sizes=\"(max-width: 300px) 100vw, 300px\" \/><\/a><\/p>\n<p style=\"text-align: center;\">30 ao\u00fbt 2011, Vias, camping Air marin, au bord du canal du Midi, dernier soir avec Laurianne et Christophe qui sont venus marcher 10 jours avec nous.<\/p>\n<p style=\"text-align: center;\"><a href=\"https:\/\/www.oseba.ch\/wordpress\/wp-content\/uploads\/2011\/05\/tn_DSCF3244.jpg\"><img loading=\"lazy\" decoding=\"async\" class=\"aligncenter size-medium wp-image-619\" title=\"tn_DSCF3244\" src=\"https:\/\/www.oseba.ch\/wordpress\/wp-content\/uploads\/2011\/05\/tn_DSCF3244-300x225.jpg\" alt=\"\" width=\"300\" height=\"225\" srcset=\"https:\/\/www.oseba.ch\/wordpress\/wp-content\/uploads\/2011\/05\/tn_DSCF3244-300x225.jpg 300w, https:\/\/www.oseba.ch\/wordpress\/wp-content\/uploads\/2011\/05\/tn_DSCF3244-200x150.jpg 200w, https:\/\/www.oseba.ch\/wordpress\/wp-content\/uploads\/2011\/05\/tn_DSCF3244.jpg 1024w\" sizes=\"(max-width: 300px) 100vw, 300px\" \/><\/a><\/p>\n<p style=\"text-align: center;\">29 ao\u00fbt 2011, Agde, camping Sud Loisirs, \u00e0 la sortie d\u2019Agde, tout proche du canal du Midi que nous avons rejoint peu avant.<\/p>\n<p style=\"text-align: center;\"><a href=\"https:\/\/www.oseba.ch\/wordpress\/wp-content\/uploads\/2011\/05\/tn_DSCF3159.jpg\"><img loading=\"lazy\" decoding=\"async\" class=\"aligncenter size-medium wp-image-618\" title=\"tn_DSCF3159\" src=\"https:\/\/www.oseba.ch\/wordpress\/wp-content\/uploads\/2011\/05\/tn_DSCF3159-300x225.jpg\" alt=\"\" width=\"300\" height=\"225\" srcset=\"https:\/\/www.oseba.ch\/wordpress\/wp-content\/uploads\/2011\/05\/tn_DSCF3159-300x225.jpg 300w, https:\/\/www.oseba.ch\/wordpress\/wp-content\/uploads\/2011\/05\/tn_DSCF3159-200x150.jpg 200w, https:\/\/www.oseba.ch\/wordpress\/wp-content\/uploads\/2011\/05\/tn_DSCF3159.jpg 1024w\" sizes=\"(max-width: 300px) 100vw, 300px\" \/><\/a><\/p>\n<p style=\"text-align: center;\">28 ao\u00fbt 2011, S\u00e8te, camping Castellas, en bord de mer, tout proche de Marseillan-Plage. Gros camping avec trop d\u2019interm\u00e9diaires. Nous recevons les r\u00e9primandes des gardiens quand nous entrons et les remarques d\u00e9sagr\u00e9ables du directeur quand nous partons. En plus, nous faisons une queue interminable pour r\u00e9cup\u00e9rer notre carte d\u2019identit\u00e9, en partant et pas avant, alors que nous avons d\u00e9j\u00e0 pay\u00e9 en arrivant. Cela ne nous \u00e9tait encore jamais arriv\u00e9 (de devoir laisser notre pi\u00e8ce d\u2019identit\u00e9 en ayant d\u00e9j\u00e0 pay\u00e9\u00a0!!!). D\u00e9sol\u00e9 pour Roland, mais nous n\u2019en gardons pas un bon souvenir\u00a0!<\/p>\n<p style=\"text-align: center;\">27 ao\u00fbt 2011, S\u00e8te, belle \u00e9toile sur la plage le long de la digue.<\/p>\n<p style=\"text-align: center;\"><a href=\"https:\/\/www.oseba.ch\/wordpress\/wp-content\/uploads\/2011\/05\/tn_DSCF3132.jpg\"><img loading=\"lazy\" decoding=\"async\" class=\"aligncenter size-medium wp-image-617\" title=\"tn_DSCF3132\" src=\"https:\/\/www.oseba.ch\/wordpress\/wp-content\/uploads\/2011\/05\/tn_DSCF3132-300x225.jpg\" alt=\"\" width=\"300\" height=\"225\" srcset=\"https:\/\/www.oseba.ch\/wordpress\/wp-content\/uploads\/2011\/05\/tn_DSCF3132-300x225.jpg 300w, https:\/\/www.oseba.ch\/wordpress\/wp-content\/uploads\/2011\/05\/tn_DSCF3132-200x150.jpg 200w, https:\/\/www.oseba.ch\/wordpress\/wp-content\/uploads\/2011\/05\/tn_DSCF3132.jpg 1024w\" sizes=\"(max-width: 300px) 100vw, 300px\" \/><\/a><\/p>\n<p style=\"text-align: center;\">25-26 ao\u00fbt 2011, Frontignan-Plage, camping de Riqu\u2019&amp; Zette, super accueil, on a \u00e9vit\u00e9 de justesse un gros orage. (pas de photo)<\/p>\n<p style=\"text-align: center;\">24 ao\u00fbt 2011, Vic-la-Gardiole, bivouac en bord de plage.<\/p>\n<p style=\"text-align: center;\"><a href=\"https:\/\/www.oseba.ch\/wordpress\/wp-content\/uploads\/2011\/05\/tn_DSC_37031.jpg\"><img loading=\"lazy\" decoding=\"async\" class=\"aligncenter size-medium wp-image-616\" title=\"tn_DSC_3703\" src=\"https:\/\/www.oseba.ch\/wordpress\/wp-content\/uploads\/2011\/05\/tn_DSC_37031-300x200.jpg\" alt=\"\" width=\"300\" height=\"200\" srcset=\"https:\/\/www.oseba.ch\/wordpress\/wp-content\/uploads\/2011\/05\/tn_DSC_37031-300x200.jpg 300w, https:\/\/www.oseba.ch\/wordpress\/wp-content\/uploads\/2011\/05\/tn_DSC_37031.jpg 1024w\" sizes=\"(max-width: 300px) 100vw, 300px\" \/><\/a><\/p>\n<p style=\"text-align: center;\">22-23 ao\u00fbt 2011, Carnon-Plage, Camping Les Saladelles, accueil des plus froids et des moins collaborant pour trouver un emplacement pour les \u00e2nes. Le g\u00e9rant du camping ne veut pas que les \u00e2nes entrent dans le camping, car ils sont, selon lui, porteurs de maladies graves, comme la tuberculose. Il tol\u00e8re tout juste que nous entrions pour d\u00e9charger les \u00e2nes mais pour en sortir au plus vite. Nous accueillons avec plaisir Laurianne et Christophe qui viennent marcher avec nous durant 10 jours.<\/p>\n<p style=\"text-align: center;\"><a href=\"https:\/\/www.oseba.ch\/wordpress\/wp-content\/uploads\/2011\/05\/tn_DSC_3621.jpg\"><img loading=\"lazy\" decoding=\"async\" class=\"aligncenter size-medium wp-image-614\" title=\"tn_DSC_3621\" src=\"https:\/\/www.oseba.ch\/wordpress\/wp-content\/uploads\/2011\/05\/tn_DSC_3621-300x200.jpg\" alt=\"\" width=\"300\" height=\"200\" srcset=\"https:\/\/www.oseba.ch\/wordpress\/wp-content\/uploads\/2011\/05\/tn_DSC_3621-300x200.jpg 300w, https:\/\/www.oseba.ch\/wordpress\/wp-content\/uploads\/2011\/05\/tn_DSC_3621.jpg 1024w\" sizes=\"(max-width: 300px) 100vw, 300px\" \/><\/a><\/p>\n<p style=\"text-align: center;\">21 ao\u00fbt 2011, La Grande-Motte, camping Les Cigales. Accueil sympa. Nos \u00e2nes sont en s\u00e9curit\u00e9 dans le parc et le box des chevaux de la police \u00e9questre de La Grande-Motte. Merci pour leur gentillesse.<\/p>\n<p style=\"text-align: center;\"><a href=\"https:\/\/www.oseba.ch\/wordpress\/wp-content\/uploads\/2011\/05\/tn_DSC_3596.jpg\"><img loading=\"lazy\" decoding=\"async\" class=\"aligncenter size-medium wp-image-613\" title=\"tn_DSC_3596\" src=\"https:\/\/www.oseba.ch\/wordpress\/wp-content\/uploads\/2011\/05\/tn_DSC_3596-300x200.jpg\" alt=\"\" width=\"300\" height=\"200\" srcset=\"https:\/\/www.oseba.ch\/wordpress\/wp-content\/uploads\/2011\/05\/tn_DSC_3596-300x200.jpg 300w, https:\/\/www.oseba.ch\/wordpress\/wp-content\/uploads\/2011\/05\/tn_DSC_3596.jpg 1024w\" sizes=\"(max-width: 300px) 100vw, 300px\" \/><\/a><\/p>\n<p style=\"text-align: center;\">20 ao\u00fbt 2011, Les Portes du Vidourle, bord du Canal du Rh\u00f4ne, entre Aigues-Mortes et La Grande-Motte, \u00e0 la crois\u00e9e des canaux.<\/p>\n<p style=\"text-align: center;\"><a href=\"https:\/\/www.oseba.ch\/wordpress\/wp-content\/uploads\/2011\/05\/tn_DSC_3571.jpg\"><img loading=\"lazy\" decoding=\"async\" class=\"aligncenter size-medium wp-image-612\" title=\"tn_DSC_3571\" src=\"https:\/\/www.oseba.ch\/wordpress\/wp-content\/uploads\/2011\/05\/tn_DSC_3571-300x200.jpg\" alt=\"\" width=\"300\" height=\"200\" srcset=\"https:\/\/www.oseba.ch\/wordpress\/wp-content\/uploads\/2011\/05\/tn_DSC_3571-300x200.jpg 300w, https:\/\/www.oseba.ch\/wordpress\/wp-content\/uploads\/2011\/05\/tn_DSC_3571.jpg 1024w\" sizes=\"(max-width: 300px) 100vw, 300px\" \/><\/a><\/p>\n<p style=\"text-align: center;\">16-19 ao\u00fbt 2011, Aigues-Mortes, camping vers St Laurent d\u2019Aigouze, pause de quelques\u00a0 jours, avec piscine et f\u00eate m\u00e9di\u00e9vale dans les remparts d\u2019Aigues-Mortes.<\/p>\n<p style=\"text-align: center;\"><a href=\"https:\/\/www.oseba.ch\/wordpress\/wp-content\/uploads\/2011\/05\/tn_DSC_3533.jpg\"><img loading=\"lazy\" decoding=\"async\" class=\"aligncenter size-medium wp-image-611\" title=\"tn_DSC_3533\" src=\"https:\/\/www.oseba.ch\/wordpress\/wp-content\/uploads\/2011\/05\/tn_DSC_3533-300x200.jpg\" alt=\"\" width=\"300\" height=\"200\" srcset=\"https:\/\/www.oseba.ch\/wordpress\/wp-content\/uploads\/2011\/05\/tn_DSC_3533-300x200.jpg 300w, https:\/\/www.oseba.ch\/wordpress\/wp-content\/uploads\/2011\/05\/tn_DSC_3533.jpg 1024w\" sizes=\"(max-width: 300px) 100vw, 300px\" \/><\/a><\/p>\n<p style=\"text-align: center;\">15 ao\u00fbt 2011, Gallician, bivouac au bord du canal du Rh\u00f4ne. Rencontre avec les moustiques qui nous accompagneront durant plusieurs jours.<\/p>\n<p style=\"text-align: center;\"><a href=\"https:\/\/www.oseba.ch\/wordpress\/wp-content\/uploads\/2011\/05\/tn_DSC_3441.jpg\"><img loading=\"lazy\" decoding=\"async\" class=\"aligncenter size-medium wp-image-610\" title=\"tn_DSC_3441\" src=\"https:\/\/www.oseba.ch\/wordpress\/wp-content\/uploads\/2011\/05\/tn_DSC_3441-300x200.jpg\" alt=\"\" width=\"300\" height=\"200\" srcset=\"https:\/\/www.oseba.ch\/wordpress\/wp-content\/uploads\/2011\/05\/tn_DSC_3441-300x200.jpg 300w, https:\/\/www.oseba.ch\/wordpress\/wp-content\/uploads\/2011\/05\/tn_DSC_3441.jpg 1024w\" sizes=\"(max-width: 300px) 100vw, 300px\" \/><\/a><\/p>\n<p style=\"text-align: center;\">11-14 ao\u00fbt 2011, camping de St Gilles-du-Gard. Repos pour faire le blog et profiter de la f\u00eate au village.<\/p>\n<p style=\"text-align: center;\"><a href=\"https:\/\/www.oseba.ch\/wordpress\/wp-content\/uploads\/2011\/05\/tn_DSC_3308.jpg\"><img loading=\"lazy\" decoding=\"async\" class=\"aligncenter size-medium wp-image-576\" title=\"tn_DSC_3308\" src=\"https:\/\/www.oseba.ch\/wordpress\/wp-content\/uploads\/2011\/05\/tn_DSC_3308-300x200.jpg\" alt=\"\" width=\"300\" height=\"200\" srcset=\"https:\/\/www.oseba.ch\/wordpress\/wp-content\/uploads\/2011\/05\/tn_DSC_3308-300x200.jpg 300w, https:\/\/www.oseba.ch\/wordpress\/wp-content\/uploads\/2011\/05\/tn_DSC_3308.jpg 1024w\" sizes=\"(max-width: 300px) 100vw, 300px\" \/><\/a><\/p>\n<p style=\"text-align: center;\">9-10 ao\u00fbt 2011, camping de la Bastide au sud de N\u00eemes. Jour de visite de la ville et escapade des \u00e2nes dans le camping.<\/p>\n<p style=\"text-align: center;\"><a href=\"https:\/\/www.oseba.ch\/wordpress\/wp-content\/uploads\/2011\/05\/tn_DSC_3264.jpg\"><img loading=\"lazy\" decoding=\"async\" class=\"aligncenter size-medium wp-image-575\" title=\"tn_DSC_3264\" src=\"https:\/\/www.oseba.ch\/wordpress\/wp-content\/uploads\/2011\/05\/tn_DSC_3264-300x200.jpg\" alt=\"\" width=\"180\" height=\"120\" srcset=\"https:\/\/www.oseba.ch\/wordpress\/wp-content\/uploads\/2011\/05\/tn_DSC_3264-300x200.jpg 300w, https:\/\/www.oseba.ch\/wordpress\/wp-content\/uploads\/2011\/05\/tn_DSC_3264.jpg 1024w\" sizes=\"(max-width: 180px) 100vw, 180px\" \/><\/a><\/p>\n<p style=\"text-align: center;\">8 ao\u00fbt 2011, Camping de l\u2019Auberge de Jeunesse \u00e0 l\u2019entr\u00e9e de N\u00eemes nord. Nos \u00e2nes peuvent se promener dans le camping, mais nous les mettons tout de m\u00eame dans leur parc.<\/p>\n<p style=\"text-align: center;\"><a href=\"https:\/\/www.oseba.ch\/wordpress\/wp-content\/uploads\/2011\/05\/tn_DSC_3263.jpg\"><img loading=\"lazy\" decoding=\"async\" class=\"aligncenter size-medium wp-image-574\" title=\"tn_DSC_3263\" src=\"https:\/\/www.oseba.ch\/wordpress\/wp-content\/uploads\/2011\/05\/tn_DSC_3263-300x200.jpg\" alt=\"\" width=\"180\" height=\"120\" srcset=\"https:\/\/www.oseba.ch\/wordpress\/wp-content\/uploads\/2011\/05\/tn_DSC_3263-300x200.jpg 300w, https:\/\/www.oseba.ch\/wordpress\/wp-content\/uploads\/2011\/05\/tn_DSC_3263.jpg 1024w\" sizes=\"(max-width: 180px) 100vw, 180px\" \/><\/a><\/p>\n<p style=\"text-align: center;\">7 ao\u00fbt 2011, La Roubi\u00e8re, espace \u00e0 c\u00f4t\u00e9 du terrain de foot, magnifique coucher de soleil sur le village.<\/p>\n<p style=\"text-align: center;\"><a href=\"https:\/\/www.oseba.ch\/wordpress\/wp-content\/uploads\/2011\/05\/tn_DSC_3155.jpg\"><img loading=\"lazy\" decoding=\"async\" class=\"aligncenter size-medium wp-image-573\" title=\"tn_DSC_3155\" src=\"https:\/\/www.oseba.ch\/wordpress\/wp-content\/uploads\/2011\/05\/tn_DSC_3155-300x200.jpg\" alt=\"\" width=\"180\" height=\"120\" srcset=\"https:\/\/www.oseba.ch\/wordpress\/wp-content\/uploads\/2011\/05\/tn_DSC_3155-300x200.jpg 300w, https:\/\/www.oseba.ch\/wordpress\/wp-content\/uploads\/2011\/05\/tn_DSC_3155.jpg 1024w\" sizes=\"(max-width: 180px) 100vw, 180px\" \/><\/a><\/p>\n<p style=\"text-align: center;\">6 ao\u00fbt 2011, Ners, place \u00e0 c\u00f4t\u00e9 de la rivi\u00e8re du Gard, retrouvaille avec Sabine et Roland, venus nous trouver en camping car pour 3 jours. Nous essuyons le plus gros orage et forte pluie durant la nuit de notre voyage.<\/p>\n<p style=\"text-align: center;\"><a href=\"https:\/\/www.oseba.ch\/wordpress\/wp-content\/uploads\/2011\/05\/tn_DSC_3104.jpg\"><img loading=\"lazy\" decoding=\"async\" class=\"aligncenter size-medium wp-image-572\" title=\"tn_DSC_3104\" src=\"https:\/\/www.oseba.ch\/wordpress\/wp-content\/uploads\/2011\/05\/tn_DSC_3104-300x200.jpg\" alt=\"\" width=\"180\" height=\"120\" srcset=\"https:\/\/www.oseba.ch\/wordpress\/wp-content\/uploads\/2011\/05\/tn_DSC_3104-300x200.jpg 300w, https:\/\/www.oseba.ch\/wordpress\/wp-content\/uploads\/2011\/05\/tn_DSC_3104.jpg 1024w\" sizes=\"(max-width: 180px) 100vw, 180px\" \/><\/a><\/p>\n<p style=\"text-align: center;\">3-5 ao\u00fbt 2011, h\u00f4tel premi\u00e8re classe (et premier prix) d\u2019Al\u00e8s. \u00c9tape r\u00e9paration des sacoches d\u00e9chir\u00e9es et renfort pour la couverture des \u00e2nes.<\/p>\n<p style=\"text-align: center;\"><a href=\"https:\/\/www.oseba.ch\/wordpress\/wp-content\/uploads\/2011\/05\/tn_DSC_3069.jpg\"><img loading=\"lazy\" decoding=\"async\" class=\"aligncenter size-medium wp-image-571\" title=\"tn_DSC_3069\" src=\"https:\/\/www.oseba.ch\/wordpress\/wp-content\/uploads\/2011\/05\/tn_DSC_3069-300x200.jpg\" alt=\"\" width=\"180\" height=\"120\" srcset=\"https:\/\/www.oseba.ch\/wordpress\/wp-content\/uploads\/2011\/05\/tn_DSC_3069-300x200.jpg 300w, https:\/\/www.oseba.ch\/wordpress\/wp-content\/uploads\/2011\/05\/tn_DSC_3069.jpg 1024w\" sizes=\"(max-width: 180px) 100vw, 180px\" \/><\/a><\/p>\n<p style=\"text-align: center;\">2 ao\u00fbt 2011, camping de la Croix-Cl\u00e9mentine \u00e0 Cendras. On ne profitera pas assez de la piscine, temp\u00e9rature pas si chaude que \u00e7a.<\/p>\n<p style=\"text-align: center;\"><a href=\"https:\/\/www.oseba.ch\/wordpress\/wp-content\/uploads\/2011\/05\/tn_DSC_3060.jpg\"><img loading=\"lazy\" decoding=\"async\" class=\"aligncenter size-medium wp-image-570\" title=\"tn_DSC_3060\" src=\"https:\/\/www.oseba.ch\/wordpress\/wp-content\/uploads\/2011\/05\/tn_DSC_3060-300x200.jpg\" alt=\"\" width=\"180\" height=\"120\" srcset=\"https:\/\/www.oseba.ch\/wordpress\/wp-content\/uploads\/2011\/05\/tn_DSC_3060-300x200.jpg 300w, https:\/\/www.oseba.ch\/wordpress\/wp-content\/uploads\/2011\/05\/tn_DSC_3060.jpg 1024w\" sizes=\"(max-width: 180px) 100vw, 180px\" \/><\/a><\/p>\n<p style=\"text-align: center;\">1<sup>er<\/sup> ao\u00fbt 2011, Mas-Dieu, place de pique-nique de la mairie, au dessus de la fontaine des mamans. Comme \u00e0 Vielvic, longue journ\u00e9e avec le d\u00e9tour par la \u00ab\u00a0nouvelle\u00a0\u00bb route goudronn\u00e9e, mais tr\u00e8s joli coin ombrag\u00e9 avec tables.<\/p>\n<p style=\"text-align: center;\"><a href=\"https:\/\/www.oseba.ch\/wordpress\/wp-content\/uploads\/2011\/05\/tn_DSC_3018.jpg\"><img loading=\"lazy\" decoding=\"async\" class=\"aligncenter size-medium wp-image-578\" title=\"tn_DSC_3018\" src=\"https:\/\/www.oseba.ch\/wordpress\/wp-content\/uploads\/2011\/05\/tn_DSC_3018-300x200.jpg\" alt=\"\" width=\"180\" height=\"120\" srcset=\"https:\/\/www.oseba.ch\/wordpress\/wp-content\/uploads\/2011\/05\/tn_DSC_3018-300x200.jpg 300w, https:\/\/www.oseba.ch\/wordpress\/wp-content\/uploads\/2011\/05\/tn_DSC_3018.jpg 1024w\" sizes=\"(max-width: 180px) 100vw, 180px\" \/><\/a><\/p>\n<p style=\"text-align: center;\">31 juillet 2011, Col et Ch\u00e2teau de Portes, camping provisoire pour un camp de jeunes au Ch\u00e2teau. Nous profitons un peu des installations.<\/p>\n<p style=\"text-align: center;\"><a href=\"https:\/\/www.oseba.ch\/wordpress\/wp-content\/uploads\/2011\/05\/tn_DSC_3013.jpg\"><img loading=\"lazy\" decoding=\"async\" class=\"aligncenter size-medium wp-image-569\" title=\"tn_DSC_3013\" src=\"https:\/\/www.oseba.ch\/wordpress\/wp-content\/uploads\/2011\/05\/tn_DSC_3013-300x200.jpg\" alt=\"\" width=\"180\" height=\"120\" srcset=\"https:\/\/www.oseba.ch\/wordpress\/wp-content\/uploads\/2011\/05\/tn_DSC_3013-300x200.jpg 300w, https:\/\/www.oseba.ch\/wordpress\/wp-content\/uploads\/2011\/05\/tn_DSC_3013.jpg 1024w\" sizes=\"(max-width: 180px) 100vw, 180px\" \/><\/a><\/p>\n<p style=\"text-align: center;\">29-30 juillet 2011, camping municipal de G\u00e9nolhac, jour de repos pour aller \u00e0 la f\u00eate votive de G\u00e9nolhac. Les \u00e2nes ont trouv\u00e9 un tr\u00e8s bon pr\u00e9 de l\u2019autre c\u00f4t\u00e9 de la rivi\u00e8re.<\/p>\n<p style=\"text-align: center;\"><a href=\"https:\/\/www.oseba.ch\/wordpress\/wp-content\/uploads\/2011\/05\/tn_DSC_29711.jpg\"><img loading=\"lazy\" decoding=\"async\" class=\"aligncenter size-medium wp-image-568\" title=\"tn_DSC_2971\" src=\"https:\/\/www.oseba.ch\/wordpress\/wp-content\/uploads\/2011\/05\/tn_DSC_29711-300x200.jpg\" alt=\"\" width=\"180\" height=\"120\" srcset=\"https:\/\/www.oseba.ch\/wordpress\/wp-content\/uploads\/2011\/05\/tn_DSC_29711-300x200.jpg 300w, https:\/\/www.oseba.ch\/wordpress\/wp-content\/uploads\/2011\/05\/tn_DSC_29711.jpg 1024w\" sizes=\"(max-width: 180px) 100vw, 180px\" \/><\/a><\/p>\n<p style=\"text-align: center;\">28 juillet 2011, Vielvic, magnifique morceau de pr\u00e9 \u00e0 c\u00f4t\u00e9 d\u2019une rivi\u00e8re, propri\u00e9t\u00e9 de la commune, cach\u00e9 de la route. Dur journ\u00e9e avec un d\u00e9tour, mais superbe emplacement.<\/p>\n<p style=\"text-align: center;\"><a href=\"https:\/\/www.oseba.ch\/wordpress\/wp-content\/uploads\/2011\/05\/tn_DSC_2932.jpg\"><img loading=\"lazy\" decoding=\"async\" class=\"aligncenter size-medium wp-image-564\" title=\"tn_DSC_2932\" src=\"https:\/\/www.oseba.ch\/wordpress\/wp-content\/uploads\/2011\/05\/tn_DSC_2932-300x200.jpg\" alt=\"\" width=\"180\" height=\"120\" srcset=\"https:\/\/www.oseba.ch\/wordpress\/wp-content\/uploads\/2011\/05\/tn_DSC_2932-300x200.jpg 300w, https:\/\/www.oseba.ch\/wordpress\/wp-content\/uploads\/2011\/05\/tn_DSC_2932.jpg 1024w\" sizes=\"(max-width: 180px) 100vw, 180px\" \/><\/a><\/p>\n<p style=\"text-align: center;\">27 juillet 2011, camping de Morangie, pr\u00e8s du lac de Villefort, camping tout en pente, sauf les emplacements.<\/p>\n<p style=\"text-align: center;\"><a href=\"https:\/\/www.oseba.ch\/wordpress\/wp-content\/uploads\/2011\/05\/tn_DSC_2914.jpg\"><img loading=\"lazy\" decoding=\"async\" class=\"aligncenter size-medium wp-image-563\" title=\"tn_DSC_2914\" src=\"https:\/\/www.oseba.ch\/wordpress\/wp-content\/uploads\/2011\/05\/tn_DSC_2914-300x200.jpg\" alt=\"\" width=\"180\" height=\"120\" srcset=\"https:\/\/www.oseba.ch\/wordpress\/wp-content\/uploads\/2011\/05\/tn_DSC_2914-300x200.jpg 300w, https:\/\/www.oseba.ch\/wordpress\/wp-content\/uploads\/2011\/05\/tn_DSC_2914.jpg 1024w\" sizes=\"(max-width: 180px) 100vw, 180px\" \/><\/a><\/p>\n<p style=\"text-align: center;\">26 juillet 2011, camping de Pr\u00e9vench\u00e8res, pluie durant la soir\u00e9e et la nuit, camping un peu d\u00e9sert.<\/p>\n<p style=\"text-align: center;\"><a href=\"https:\/\/www.oseba.ch\/wordpress\/wp-content\/uploads\/2011\/05\/tn_DSC_2845.jpg\"><img loading=\"lazy\" decoding=\"async\" class=\"aligncenter size-medium wp-image-562\" title=\"tn_DSC_2845\" src=\"https:\/\/www.oseba.ch\/wordpress\/wp-content\/uploads\/2011\/05\/tn_DSC_2845-300x200.jpg\" alt=\"\" width=\"180\" height=\"120\" srcset=\"https:\/\/www.oseba.ch\/wordpress\/wp-content\/uploads\/2011\/05\/tn_DSC_2845-300x200.jpg 300w, https:\/\/www.oseba.ch\/wordpress\/wp-content\/uploads\/2011\/05\/tn_DSC_2845.jpg 1024w\" sizes=\"(max-width: 180px) 100vw, 180px\" \/><\/a><\/p>\n<p style=\"text-align: center;\">25 juillet 2011, dodo dans la paille \u00e0 la Hutte de la Bastide, chez les gens tr\u00e8s gentils qui ont h\u00e9berg\u00e9 nos \u00e2nes pendant 10 jours.<\/p>\n<p style=\"text-align: center;\"><a href=\"https:\/\/www.oseba.ch\/wordpress\/wp-content\/uploads\/2011\/05\/tn_DSC_28311.jpg\"><img loading=\"lazy\" decoding=\"async\" class=\"aligncenter size-medium wp-image-561\" title=\"tn_DSC_2831\" src=\"https:\/\/www.oseba.ch\/wordpress\/wp-content\/uploads\/2011\/05\/tn_DSC_28311-300x200.jpg\" alt=\"\" width=\"180\" height=\"120\" srcset=\"https:\/\/www.oseba.ch\/wordpress\/wp-content\/uploads\/2011\/05\/tn_DSC_28311-300x200.jpg 300w, https:\/\/www.oseba.ch\/wordpress\/wp-content\/uploads\/2011\/05\/tn_DSC_28311.jpg 1024w\" sizes=\"(max-width: 180px) 100vw, 180px\" \/><\/a><\/p>\n<p style=\"text-align: center;\">24 juillet 2011, camping \u00e0 la ferme de Chasserades, avec famille Anita et Philippe. Nuit bien fra\u00eeche, nous sommes contents d\u2019avoir gard\u00e9 nos sacs de couchage bien chauds.<\/p>\n<p style=\"text-align: center;\"><a href=\"https:\/\/www.oseba.ch\/wordpress\/wp-content\/uploads\/2011\/05\/tn_DSC_2802.jpg\"><img loading=\"lazy\" decoding=\"async\" class=\"aligncenter size-medium wp-image-559\" title=\"tn_DSC_2802\" src=\"https:\/\/www.oseba.ch\/wordpress\/wp-content\/uploads\/2011\/05\/tn_DSC_2802-300x200.jpg\" alt=\"\" width=\"180\" height=\"120\" srcset=\"https:\/\/www.oseba.ch\/wordpress\/wp-content\/uploads\/2011\/05\/tn_DSC_2802-300x200.jpg 300w, https:\/\/www.oseba.ch\/wordpress\/wp-content\/uploads\/2011\/05\/tn_DSC_2802.jpg 1024w\" sizes=\"(max-width: 180px) 100vw, 180px\" \/><\/a><\/p>\n<p style=\"text-align: center;\">15-23 juillet 2011, Bagnols-sur-C\u00e8ze, camping. Escapade estivale en train et bus pour rejoindre nos amis suisse, familles Marie-Laure et Manu, Anita et Philippe, Carina et St\u00e9phane. Moments privil\u00e9gi\u00e9s avec nos filleuls.Nous avons besoin de repos et de vacances et nos \u00e2nes aussi certainement. Ils sont en pension dans un pr\u00e9 rien que pour eux \u00e0 La Bastide.<\/p>\n<p style=\"text-align: center;\"><a href=\"https:\/\/www.oseba.ch\/wordpress\/wp-content\/uploads\/2011\/05\/tn_DSC_2582.jpg\"><img loading=\"lazy\" decoding=\"async\" class=\"aligncenter size-medium wp-image-476\" title=\"tn_DSC_2582\" src=\"https:\/\/www.oseba.ch\/wordpress\/wp-content\/uploads\/2011\/05\/tn_DSC_2582-300x200.jpg\" alt=\"\" width=\"180\" height=\"120\" srcset=\"https:\/\/www.oseba.ch\/wordpress\/wp-content\/uploads\/2011\/05\/tn_DSC_2582-300x200.jpg 300w, https:\/\/www.oseba.ch\/wordpress\/wp-content\/uploads\/2011\/05\/tn_DSC_2582.jpg 1024w\" sizes=\"(max-width: 180px) 100vw, 180px\" \/><\/a><\/p>\n<p style=\"text-align: center;\">12-14 juillet 2011, La Bastide Puylaurent, camping. Nous rejoignons le chemin de Stevenson.<\/p>\n<p style=\"text-align: center;\"><a href=\"https:\/\/www.oseba.ch\/wordpress\/wp-content\/uploads\/2011\/05\/tn_DSC_2578.jpg\"><img loading=\"lazy\" decoding=\"async\" class=\"aligncenter size-medium wp-image-475\" title=\"tn_DSC_2578\" src=\"https:\/\/www.oseba.ch\/wordpress\/wp-content\/uploads\/2011\/05\/tn_DSC_2578-300x200.jpg\" alt=\"\" width=\"180\" height=\"120\" srcset=\"https:\/\/www.oseba.ch\/wordpress\/wp-content\/uploads\/2011\/05\/tn_DSC_2578-300x200.jpg 300w, https:\/\/www.oseba.ch\/wordpress\/wp-content\/uploads\/2011\/05\/tn_DSC_2578.jpg 1024w\" sizes=\"(max-width: 180px) 100vw, 180px\" \/><\/a><\/p>\n<p style=\"text-align: center;\">10-11 juillet 2011, Le Bez, auberge qui fait de magnifiques glaces maison.<\/p>\n<p style=\"text-align: center;\"><a href=\"https:\/\/www.oseba.ch\/wordpress\/wp-content\/uploads\/2011\/05\/tn_DSC_2569.jpg\"><img loading=\"lazy\" decoding=\"async\" class=\"aligncenter size-medium wp-image-474\" title=\"tn_DSC_2569\" src=\"https:\/\/www.oseba.ch\/wordpress\/wp-content\/uploads\/2011\/05\/tn_DSC_2569-300x200.jpg\" alt=\"\" width=\"180\" height=\"120\" srcset=\"https:\/\/www.oseba.ch\/wordpress\/wp-content\/uploads\/2011\/05\/tn_DSC_2569-300x200.jpg 300w, https:\/\/www.oseba.ch\/wordpress\/wp-content\/uploads\/2011\/05\/tn_DSC_2569.jpg 1024w\" sizes=\"(max-width: 180px) 100vw, 180px\" \/><\/a><\/p>\n<p style=\"text-align: center;\">9 juillet 2011, Lesparet, normalement dans un gite qui n\u2019est plus en fonction depuis 10 ans. Donc, on bivouaque devant le gite.<\/p>\n<p style=\"text-align: center;\"><a href=\"https:\/\/www.oseba.ch\/wordpress\/wp-content\/uploads\/2011\/05\/tn_DSC_2541.jpg\"><img loading=\"lazy\" decoding=\"async\" class=\"aligncenter size-medium wp-image-473\" title=\"tn_DSC_2541\" src=\"https:\/\/www.oseba.ch\/wordpress\/wp-content\/uploads\/2011\/05\/tn_DSC_2541-300x200.jpg\" alt=\"\" width=\"180\" height=\"120\" srcset=\"https:\/\/www.oseba.ch\/wordpress\/wp-content\/uploads\/2011\/05\/tn_DSC_2541-300x200.jpg 300w, https:\/\/www.oseba.ch\/wordpress\/wp-content\/uploads\/2011\/05\/tn_DSC_2541.jpg 1024w\" sizes=\"(max-width: 180px) 100vw, 180px\" \/><\/a><\/p>\n<p style=\"text-align: center;\">8 juillet 2011, Les Oulettes, bivouac \u00e0 c\u00f4t\u00e9 d\u2019un \u00e9tang. Il est parfois difficile de trouver de l\u2019eau pour les \u00e2nes.<\/p>\n<p style=\"text-align: center;\"><a href=\"https:\/\/www.oseba.ch\/wordpress\/wp-content\/uploads\/2011\/05\/tn_DSC_2533.jpg\"><img loading=\"lazy\" decoding=\"async\" class=\"aligncenter size-medium wp-image-472\" title=\"tn_DSC_2533\" src=\"https:\/\/www.oseba.ch\/wordpress\/wp-content\/uploads\/2011\/05\/tn_DSC_2533-300x200.jpg\" alt=\"\" width=\"180\" height=\"120\" srcset=\"https:\/\/www.oseba.ch\/wordpress\/wp-content\/uploads\/2011\/05\/tn_DSC_2533-300x200.jpg 300w, https:\/\/www.oseba.ch\/wordpress\/wp-content\/uploads\/2011\/05\/tn_DSC_2533.jpg 1024w\" sizes=\"(max-width: 180px) 100vw, 180px\" \/><\/a><\/p>\n<p style=\"text-align: center;\">7 juillet 2011, Col du Pranlet, Chambre d\u2019autres comme dirait Eliot (d\u2019h\u00f4tes).<\/p>\n<p style=\"text-align: center;\"><a href=\"https:\/\/www.oseba.ch\/wordpress\/wp-content\/uploads\/2011\/05\/tn_DSC_2482.jpg\"><img loading=\"lazy\" decoding=\"async\" class=\"aligncenter size-medium wp-image-471\" title=\"tn_DSC_2482\" src=\"https:\/\/www.oseba.ch\/wordpress\/wp-content\/uploads\/2011\/05\/tn_DSC_2482-300x200.jpg\" alt=\"\" width=\"180\" height=\"120\" srcset=\"https:\/\/www.oseba.ch\/wordpress\/wp-content\/uploads\/2011\/05\/tn_DSC_2482-300x200.jpg 300w, https:\/\/www.oseba.ch\/wordpress\/wp-content\/uploads\/2011\/05\/tn_DSC_2482.jpg 1024w\" sizes=\"(max-width: 180px) 100vw, 180px\" \/><\/a><\/p>\n<p style=\"text-align: center;\">6 juillet 2011, Comuscle, bivouac sur les plateaux d\u2019Ard\u00e8che, sur les cr\u00eates, avec une vue panoramique.<\/p>\n<p style=\"text-align: center;\"><a href=\"https:\/\/www.oseba.ch\/wordpress\/wp-content\/uploads\/2011\/05\/tn_DSC_2444.jpg\"><img loading=\"lazy\" decoding=\"async\" class=\"aligncenter size-medium wp-image-470\" title=\"tn_DSC_2444\" src=\"https:\/\/www.oseba.ch\/wordpress\/wp-content\/uploads\/2011\/05\/tn_DSC_2444-300x200.jpg\" alt=\"\" width=\"180\" height=\"120\" srcset=\"https:\/\/www.oseba.ch\/wordpress\/wp-content\/uploads\/2011\/05\/tn_DSC_2444-300x200.jpg 300w, https:\/\/www.oseba.ch\/wordpress\/wp-content\/uploads\/2011\/05\/tn_DSC_2444.jpg 1024w\" sizes=\"(max-width: 180px) 100vw, 180px\" \/><\/a><\/p>\n<p style=\"text-align: center;\">5 juillet 2011, Le Cheylard, camping \u00e0 c\u00f4t\u00e9 du Ch\u00e2teau de la Ch\u00e8ze.<\/p>\n<p style=\"text-align: center;\"><a href=\"https:\/\/www.oseba.ch\/wordpress\/wp-content\/uploads\/2011\/05\/tn_DSC_2332.jpg\"><img loading=\"lazy\" decoding=\"async\" class=\"aligncenter size-medium wp-image-469\" title=\"tn_DSC_2332\" src=\"https:\/\/www.oseba.ch\/wordpress\/wp-content\/uploads\/2011\/05\/tn_DSC_2332-300x200.jpg\" alt=\"\" width=\"180\" height=\"120\" srcset=\"https:\/\/www.oseba.ch\/wordpress\/wp-content\/uploads\/2011\/05\/tn_DSC_2332-300x200.jpg 300w, https:\/\/www.oseba.ch\/wordpress\/wp-content\/uploads\/2011\/05\/tn_DSC_2332.jpg 1024w\" sizes=\"(max-width: 180px) 100vw, 180px\" \/><\/a><\/p>\n<p style=\"text-align: center;\">4 juillet 2011, Collanges, place de pique-nique \u00e0 c\u00f4t\u00e9 du plan d\u2019eau, sous tente.<\/p>\n<p style=\"text-align: center;\"><a href=\"https:\/\/www.oseba.ch\/wordpress\/wp-content\/uploads\/2011\/05\/tn_DSC_2311.jpg\"><img loading=\"lazy\" decoding=\"async\" class=\"aligncenter size-medium wp-image-468\" title=\"tn_DSC_2311\" src=\"https:\/\/www.oseba.ch\/wordpress\/wp-content\/uploads\/2011\/05\/tn_DSC_2311-300x200.jpg\" alt=\"\" width=\"180\" height=\"120\" srcset=\"https:\/\/www.oseba.ch\/wordpress\/wp-content\/uploads\/2011\/05\/tn_DSC_2311-300x200.jpg 300w, https:\/\/www.oseba.ch\/wordpress\/wp-content\/uploads\/2011\/05\/tn_DSC_2311.jpg 1024w\" sizes=\"(max-width: 180px) 100vw, 180px\" \/><\/a><\/p>\n<p style=\"text-align: center;\">1<sup>er<\/sup> juillet, St Sauveur-de-Montagut, maison de vacances de Daniel et Ida, parents de Christophe, une vrai chambre, avec un vrai lit, le bonheur.<\/p>\n<p style=\"text-align: center;\"><a href=\"https:\/\/www.oseba.ch\/wordpress\/wp-content\/uploads\/2011\/05\/tn_DSC_2249.jpg\"><img loading=\"lazy\" decoding=\"async\" class=\"aligncenter size-medium wp-image-464\" title=\"tn_DSC_2249\" src=\"https:\/\/www.oseba.ch\/wordpress\/wp-content\/uploads\/2011\/05\/tn_DSC_2249-300x200.jpg\" alt=\"\" width=\"180\" height=\"120\" srcset=\"https:\/\/www.oseba.ch\/wordpress\/wp-content\/uploads\/2011\/05\/tn_DSC_2249-300x200.jpg 300w, https:\/\/www.oseba.ch\/wordpress\/wp-content\/uploads\/2011\/05\/tn_DSC_2249.jpg 1024w\" sizes=\"(max-width: 180px) 100vw, 180px\" \/><\/a><\/p>\n<p style=\"text-align: center;\">30 juin, Camping de St Fortunat-sur-Eyrieux, sous tente, avec S\u00e9bastien et Pauline.<\/p>\n<p style=\"text-align: center;\"><a href=\"https:\/\/www.oseba.ch\/wordpress\/wp-content\/uploads\/2011\/05\/tn_DSC_2228.jpg\"><img loading=\"lazy\" decoding=\"async\" class=\"aligncenter size-medium wp-image-463\" title=\"tn_DSC_2228\" src=\"https:\/\/www.oseba.ch\/wordpress\/wp-content\/uploads\/2011\/05\/tn_DSC_2228-300x200.jpg\" alt=\"\" width=\"180\" height=\"120\" srcset=\"https:\/\/www.oseba.ch\/wordpress\/wp-content\/uploads\/2011\/05\/tn_DSC_2228-300x200.jpg 300w, https:\/\/www.oseba.ch\/wordpress\/wp-content\/uploads\/2011\/05\/tn_DSC_2228.jpg 1024w\" sizes=\"(max-width: 180px) 100vw, 180px\" \/><\/a><\/p>\n<p style=\"text-align: center;\">29 juin, La Voulte-sur-Rh\u00f4ne, retrouvailles avec les grands-parents, S\u00e9bastien et Pauline. Dodo dans le camping car, entre le petit et le grand Rh\u00f4ne.<\/p>\n<p style=\"text-align: center;\"><a href=\"https:\/\/www.oseba.ch\/wordpress\/wp-content\/uploads\/2011\/05\/tn_DSC_2179.jpg\"><img loading=\"lazy\" decoding=\"async\" class=\"aligncenter size-medium wp-image-461\" title=\"tn_DSC_2179\" src=\"https:\/\/www.oseba.ch\/wordpress\/wp-content\/uploads\/2011\/05\/tn_DSC_2179-300x200.jpg\" alt=\"\" width=\"180\" height=\"120\" srcset=\"https:\/\/www.oseba.ch\/wordpress\/wp-content\/uploads\/2011\/05\/tn_DSC_2179-300x200.jpg 300w, https:\/\/www.oseba.ch\/wordpress\/wp-content\/uploads\/2011\/05\/tn_DSC_2179.jpg 1024w\" sizes=\"(max-width: 180px) 100vw, 180px\" \/><\/a>28 juin 2011, bivouac sur la place de pique-nique de l\u2019ancienne gare d&rsquo;Allex-Grane, dans la R\u00e9serve naturelle des Rami\u00e8res du Val de Dr\u00f4me<\/p>\n<p style=\"text-align: center;\"><a href=\"https:\/\/www.oseba.ch\/wordpress\/wp-content\/uploads\/2011\/05\/tn_DSC_21631.jpg\"><img loading=\"lazy\" decoding=\"async\" class=\"aligncenter size-medium wp-image-462\" title=\"tn_DSC_2163\" src=\"https:\/\/www.oseba.ch\/wordpress\/wp-content\/uploads\/2011\/05\/tn_DSC_21631-300x200.jpg\" alt=\"\" width=\"180\" height=\"120\" srcset=\"https:\/\/www.oseba.ch\/wordpress\/wp-content\/uploads\/2011\/05\/tn_DSC_21631-300x200.jpg 300w, https:\/\/www.oseba.ch\/wordpress\/wp-content\/uploads\/2011\/05\/tn_DSC_21631.jpg 1024w\" sizes=\"(max-width: 180px) 100vw, 180px\" \/><\/a><\/p>\n<p style=\"text-align: center;\">27 juin 2011, Camping de Crest, retrouvailles avec Eliot et les grands-parents, dodo dans le camping car.<\/p>\n<p style=\"text-align: center;\"><a href=\"https:\/\/www.oseba.ch\/wordpress\/wp-content\/uploads\/2011\/05\/tn_DSC_2151.jpg\"><img loading=\"lazy\" decoding=\"async\" class=\"aligncenter size-medium wp-image-459\" title=\"tn_DSC_2151\" src=\"https:\/\/www.oseba.ch\/wordpress\/wp-content\/uploads\/2011\/05\/tn_DSC_2151-300x200.jpg\" alt=\"\" width=\"180\" height=\"120\" srcset=\"https:\/\/www.oseba.ch\/wordpress\/wp-content\/uploads\/2011\/05\/tn_DSC_2151-300x200.jpg 300w, https:\/\/www.oseba.ch\/wordpress\/wp-content\/uploads\/2011\/05\/tn_DSC_2151.jpg 1024w\" sizes=\"(max-width: 180px) 100vw, 180px\" \/><\/a><\/p>\n<p>26 juin 2011, Camping du Pont de la Dr\u00f4me \u00e0 Vercheny, en couple car Eliot est en vacances avec ses grands-parents 2 jours.<\/p>\n<p style=\"text-align: center;\"><a href=\"https:\/\/www.oseba.ch\/wordpress\/wp-content\/uploads\/2011\/05\/tn_DSC_2109.jpg\"><img loading=\"lazy\" decoding=\"async\" class=\"aligncenter size-medium wp-image-458\" title=\"tn_DSC_2109\" src=\"https:\/\/www.oseba.ch\/wordpress\/wp-content\/uploads\/2011\/05\/tn_DSC_2109-300x200.jpg\" alt=\"\" width=\"180\" height=\"120\" srcset=\"https:\/\/www.oseba.ch\/wordpress\/wp-content\/uploads\/2011\/05\/tn_DSC_2109-300x200.jpg 300w, https:\/\/www.oseba.ch\/wordpress\/wp-content\/uploads\/2011\/05\/tn_DSC_2109.jpg 1024w\" sizes=\"(max-width: 180px) 100vw, 180px\" \/><\/a><\/p>\n<p style=\"text-align: center;\">20-26 juin 2011, Die, camping municipal, pause pour voir la transhumance des moutons \u00e0 travers la ville de la clairette. Accompagn\u00e9s des grands-parents d&rsquo;Eliot et de Mathilde, 4 ans et demi, une petite cousine avec ses grands-parents, Agn\u00e8s et Jean.<\/p>\n<p style=\"text-align: center;\"><a href=\"https:\/\/www.oseba.ch\/wordpress\/wp-content\/uploads\/2011\/05\/tn_DSC_1903.jpg\"><img loading=\"lazy\" decoding=\"async\" class=\"aligncenter size-medium wp-image-447\" title=\"tn_DSC_1903\" src=\"https:\/\/www.oseba.ch\/wordpress\/wp-content\/uploads\/2011\/05\/tn_DSC_1903-300x200.jpg\" alt=\"\" width=\"180\" height=\"120\" srcset=\"https:\/\/www.oseba.ch\/wordpress\/wp-content\/uploads\/2011\/05\/tn_DSC_1903-300x200.jpg 300w, https:\/\/www.oseba.ch\/wordpress\/wp-content\/uploads\/2011\/05\/tn_DSC_1903.jpg 1024w\" sizes=\"(max-width: 180px) 100vw, 180px\" \/><\/a><\/p>\n<p style=\"text-align: center;\">19 juin 2011, Les Planeaux, retrouvailles avec les parents de Sonia pour quelques jours, dodo dans le camping car.<\/p>\n<p style=\"text-align: center;\"><a href=\"https:\/\/www.oseba.ch\/wordpress\/wp-content\/uploads\/2011\/05\/tn_DSC_1799.jpg\"><img loading=\"lazy\" decoding=\"async\" class=\"aligncenter size-medium wp-image-446\" title=\"tn_DSC_1799\" src=\"https:\/\/www.oseba.ch\/wordpress\/wp-content\/uploads\/2011\/05\/tn_DSC_1799-300x200.jpg\" alt=\"\" width=\"180\" height=\"120\" srcset=\"https:\/\/www.oseba.ch\/wordpress\/wp-content\/uploads\/2011\/05\/tn_DSC_1799-300x200.jpg 300w, https:\/\/www.oseba.ch\/wordpress\/wp-content\/uploads\/2011\/05\/tn_DSC_1799.jpg 1024w\" sizes=\"(max-width: 180px) 100vw, 180px\" \/><\/a><\/p>\n<p style=\"text-align: center;\">18 juin 2011, cabane de Pr\u00e9\u00a0 Peyret, derni\u00e8re \u00e9tape dans la travers\u00e9e de la r\u00e9serve naturelle des hauts-plateaux du Vercors, en autonomie, source d\u2019eau \u00e0 disposition. Les affaires essayent de s\u00e9cher apr\u00e8s une marche pluvieuse.<\/p>\n<p><a href=\"https:\/\/www.oseba.ch\/wordpress\/wp-content\/uploads\/2011\/05\/tn_DSC_1764.jpg\"><img loading=\"lazy\" decoding=\"async\" class=\"size-medium wp-image-445 alignright\" title=\"tn_DSC_1764\" src=\"https:\/\/www.oseba.ch\/wordpress\/wp-content\/uploads\/2011\/05\/tn_DSC_1764-300x200.jpg\" alt=\"\" width=\"180\" height=\"120\" srcset=\"https:\/\/www.oseba.ch\/wordpress\/wp-content\/uploads\/2011\/05\/tn_DSC_1764-300x200.jpg 300w, https:\/\/www.oseba.ch\/wordpress\/wp-content\/uploads\/2011\/05\/tn_DSC_1764.jpg 1024w\" sizes=\"(max-width: 180px) 100vw, 180px\" \/><\/a><a href=\"https:\/\/www.oseba.ch\/wordpress\/wp-content\/uploads\/2011\/05\/tn_DSC_1754.jpg\"><img loading=\"lazy\" decoding=\"async\" class=\"size-medium wp-image-444\" title=\"tn_DSC_1754\" src=\"https:\/\/www.oseba.ch\/wordpress\/wp-content\/uploads\/2011\/05\/tn_DSC_1754-300x200.jpg\" alt=\"\" width=\"180\" height=\"120\" srcset=\"https:\/\/www.oseba.ch\/wordpress\/wp-content\/uploads\/2011\/05\/tn_DSC_1754-300x200.jpg 300w, https:\/\/www.oseba.ch\/wordpress\/wp-content\/uploads\/2011\/05\/tn_DSC_1754.jpg 1024w\" sizes=\"(max-width: 180px) 100vw, 180px\" \/><\/a><\/p>\n<p style=\"text-align: center;\">17 juin 2011, cabane des Aiguillettes, le plus haut point de notre p\u00e9riple, perch\u00e9e \u00e0 presque 1850 m. Brouillard \u00e0 l&rsquo;arriv\u00e9e (gauche), vue d\u00e9gag\u00e9e sur soir sur le Grand Veymont (droite).<\/p>\n<p><a href=\"https:\/\/www.oseba.ch\/wordpress\/wp-content\/uploads\/2011\/05\/tn_DSC_1718-.jpg\"><img loading=\"lazy\" decoding=\"async\" class=\"alignright size-medium wp-image-443\" title=\"tn_DSC_1718-\" src=\"https:\/\/www.oseba.ch\/wordpress\/wp-content\/uploads\/2011\/05\/tn_DSC_1718--300x185.jpg\" alt=\"\" width=\"180\" height=\"111\" srcset=\"https:\/\/www.oseba.ch\/wordpress\/wp-content\/uploads\/2011\/05\/tn_DSC_1718--300x185.jpg 300w, https:\/\/www.oseba.ch\/wordpress\/wp-content\/uploads\/2011\/05\/tn_DSC_1718-.jpg 1024w\" sizes=\"(max-width: 180px) 100vw, 180px\" \/><\/a><a href=\"https:\/\/www.oseba.ch\/wordpress\/wp-content\/uploads\/2011\/05\/tn_DSC_1672.jpg\"><img loading=\"lazy\" decoding=\"async\" class=\"size-medium wp-image-442\" title=\"tn_DSC_1672\" src=\"https:\/\/www.oseba.ch\/wordpress\/wp-content\/uploads\/2011\/05\/tn_DSC_1672-300x200.jpg\" alt=\"\" width=\"180\" height=\"120\" srcset=\"https:\/\/www.oseba.ch\/wordpress\/wp-content\/uploads\/2011\/05\/tn_DSC_1672-300x200.jpg 300w, https:\/\/www.oseba.ch\/wordpress\/wp-content\/uploads\/2011\/05\/tn_DSC_1672.jpg 1024w\" sizes=\"(max-width: 180px) 100vw, 180px\" \/><\/a><\/p>\n<p style=\"text-align: center;\">16 juin 2011, bivouac sur la plaine de la Chau, arr\u00eat\u00e9 l\u00e0 par la pluie et l\u2019orage qui menace.<\/p>\n<p style=\"text-align: center;\"><a href=\"https:\/\/www.oseba.ch\/wordpress\/wp-content\/uploads\/2011\/05\/tn_DSC_1604.jpg\"><img loading=\"lazy\" decoding=\"async\" class=\"aligncenter size-medium wp-image-441\" title=\"tn_DSC_1604\" src=\"https:\/\/www.oseba.ch\/wordpress\/wp-content\/uploads\/2011\/05\/tn_DSC_1604-300x200.jpg\" alt=\"\" width=\"180\" height=\"120\" srcset=\"https:\/\/www.oseba.ch\/wordpress\/wp-content\/uploads\/2011\/05\/tn_DSC_1604-300x200.jpg 300w, https:\/\/www.oseba.ch\/wordpress\/wp-content\/uploads\/2011\/05\/tn_DSC_1604.jpg 1024w\" sizes=\"(max-width: 180px) 100vw, 180px\" \/><\/a><\/p>\n<p style=\"text-align: center;\">15 juin 2011, cabane Tiolache-du-Milieu,\u00a0 dans la r\u00e9serve, que l\u2019on a eu de la peine \u00e0 trouver, merci le GPS.<\/p>\n<p><a href=\"https:\/\/www.oseba.ch\/wordpress\/wp-content\/uploads\/2011\/05\/tn_DSC_1536.jpg\"><img loading=\"lazy\" decoding=\"async\" class=\"alignright size-medium wp-image-440\" title=\"tn_DSC_1536\" src=\"https:\/\/www.oseba.ch\/wordpress\/wp-content\/uploads\/2011\/05\/tn_DSC_1536-300x200.jpg\" alt=\"\" width=\"180\" height=\"120\" srcset=\"https:\/\/www.oseba.ch\/wordpress\/wp-content\/uploads\/2011\/05\/tn_DSC_1536-300x200.jpg 300w, https:\/\/www.oseba.ch\/wordpress\/wp-content\/uploads\/2011\/05\/tn_DSC_1536.jpg 1024w\" sizes=\"(max-width: 180px) 100vw, 180px\" \/><\/a><a href=\"https:\/\/www.oseba.ch\/wordpress\/wp-content\/uploads\/2011\/05\/tn_DSC_1525.jpg\"><img loading=\"lazy\" decoding=\"async\" class=\"size-medium wp-image-439\" title=\"tn_DSC_1525\" src=\"https:\/\/www.oseba.ch\/wordpress\/wp-content\/uploads\/2011\/05\/tn_DSC_1525-300x200.jpg\" alt=\"\" width=\"180\" height=\"120\" srcset=\"https:\/\/www.oseba.ch\/wordpress\/wp-content\/uploads\/2011\/05\/tn_DSC_1525-300x200.jpg 300w, https:\/\/www.oseba.ch\/wordpress\/wp-content\/uploads\/2011\/05\/tn_DSC_1525.jpg 1024w\" sizes=\"(max-width: 180px) 100vw, 180px\" \/><\/a><\/p>\n<p style=\"text-align: center;\">14 juin 2011, Corren\u00e7on-en-Vercors, gite municipal, avant la travers\u00e9e de la r\u00e9serve naturelle des hauts-plateaux du Vercors en autonomie.<\/p>\n<p style=\"text-align: center;\"><a href=\"https:\/\/www.oseba.ch\/wordpress\/wp-content\/uploads\/2011\/05\/tn_DSC_1481.jpg\"><img loading=\"lazy\" decoding=\"async\" class=\"aligncenter size-medium wp-image-438\" title=\"tn_DSC_1481\" src=\"https:\/\/www.oseba.ch\/wordpress\/wp-content\/uploads\/2011\/05\/tn_DSC_1481-300x200.jpg\" alt=\"\" width=\"180\" height=\"120\" srcset=\"https:\/\/www.oseba.ch\/wordpress\/wp-content\/uploads\/2011\/05\/tn_DSC_1481-300x200.jpg 300w, https:\/\/www.oseba.ch\/wordpress\/wp-content\/uploads\/2011\/05\/tn_DSC_1481.jpg 1024w\" sizes=\"(max-width: 180px) 100vw, 180px\" \/><\/a><\/p>\n<p style=\"text-align: center;\">11-13 juin 2011, Villard-de-Lans, camping avec visite de Laurianne et Christophe, ainsi que les motards en vadrouille en Ard\u00e8che\u00a0: Christophe, Vincent, Roger et Corinne.<\/p>\n<p><a href=\"https:\/\/www.oseba.ch\/wordpress\/wp-content\/uploads\/2011\/05\/tn_DSC_1444.jpg\"><img loading=\"lazy\" decoding=\"async\" class=\"size-medium wp-image-436 alignleft\" title=\"tn_DSC_1444\" src=\"https:\/\/www.oseba.ch\/wordpress\/wp-content\/uploads\/2011\/05\/tn_DSC_1444-300x200.jpg\" alt=\"\" width=\"180\" height=\"120\" srcset=\"https:\/\/www.oseba.ch\/wordpress\/wp-content\/uploads\/2011\/05\/tn_DSC_1444-300x200.jpg 300w, https:\/\/www.oseba.ch\/wordpress\/wp-content\/uploads\/2011\/05\/tn_DSC_1444.jpg 1024w\" sizes=\"(max-width: 180px) 100vw, 180px\" \/><\/a><a href=\"https:\/\/www.oseba.ch\/wordpress\/wp-content\/uploads\/2011\/05\/tn_DSC_1463.jpg\"><img loading=\"lazy\" decoding=\"async\" class=\"alignright size-medium wp-image-437\" title=\"tn_DSC_1463\" src=\"https:\/\/www.oseba.ch\/wordpress\/wp-content\/uploads\/2011\/05\/tn_DSC_1463-300x200.jpg\" alt=\"\" width=\"180\" height=\"120\" srcset=\"https:\/\/www.oseba.ch\/wordpress\/wp-content\/uploads\/2011\/05\/tn_DSC_1463-300x200.jpg 300w, https:\/\/www.oseba.ch\/wordpress\/wp-content\/uploads\/2011\/05\/tn_DSC_1463.jpg 1024w\" sizes=\"(max-width: 180px) 100vw, 180px\" \/><\/a><\/p>\n<p style=\"text-align: center;\">10 juin 2011, Lans-en-Vercors, camping. Nous avons juste pens\u00e9 \u00e0 faire la photo.<\/p>\n<p style=\"text-align: center;\"><a href=\"https:\/\/www.oseba.ch\/wordpress\/wp-content\/uploads\/2011\/05\/tn_DSC_1438.jpg\"><img loading=\"lazy\" decoding=\"async\" class=\"aligncenter size-medium wp-image-435\" title=\"tn_DSC_1438\" src=\"https:\/\/www.oseba.ch\/wordpress\/wp-content\/uploads\/2011\/05\/tn_DSC_1438-300x200.jpg\" alt=\"\" width=\"180\" height=\"120\" srcset=\"https:\/\/www.oseba.ch\/wordpress\/wp-content\/uploads\/2011\/05\/tn_DSC_1438-300x200.jpg 300w, https:\/\/www.oseba.ch\/wordpress\/wp-content\/uploads\/2011\/05\/tn_DSC_1438.jpg 1024w\" sizes=\"(max-width: 180px) 100vw, 180px\" \/><\/a><\/p>\n<p style=\"text-align: center;\">9 juin 2011, St Nizier-Du-Moucherotte, bivouac sur une place de pique-nique.<\/p>\n<p style=\"text-align: center;\"><a href=\"https:\/\/www.oseba.ch\/wordpress\/wp-content\/uploads\/2011\/05\/tn_DSC_1408.jpg\"><img loading=\"lazy\" decoding=\"async\" class=\"aligncenter size-medium wp-image-434\" title=\"tn_DSC_1408\" src=\"https:\/\/www.oseba.ch\/wordpress\/wp-content\/uploads\/2011\/05\/tn_DSC_1408-300x200.jpg\" alt=\"\" width=\"180\" height=\"120\" srcset=\"https:\/\/www.oseba.ch\/wordpress\/wp-content\/uploads\/2011\/05\/tn_DSC_1408-300x200.jpg 300w, https:\/\/www.oseba.ch\/wordpress\/wp-content\/uploads\/2011\/05\/tn_DSC_1408.jpg 1024w\" sizes=\"(max-width: 180px) 100vw, 180px\" \/><\/a><\/p>\n<p style=\"text-align: center;\">8 juin 2011, d\u00e9sert Jean-Jacques Rousseau, commune de Seyssinet, bivouac juste apr\u00e8s Grenoble, d\u00e9j\u00e0 dans le Vercors.<\/p>\n<p style=\"text-align: center;\"><a href=\"https:\/\/www.oseba.ch\/wordpress\/wp-content\/uploads\/2011\/05\/tn_DSC_1371.jpg\"><img loading=\"lazy\" decoding=\"async\" class=\"aligncenter size-medium wp-image-433\" title=\"tn_DSC_1371\" src=\"https:\/\/www.oseba.ch\/wordpress\/wp-content\/uploads\/2011\/05\/tn_DSC_1371-300x200.jpg\" alt=\"\" width=\"180\" height=\"120\" srcset=\"https:\/\/www.oseba.ch\/wordpress\/wp-content\/uploads\/2011\/05\/tn_DSC_1371-300x200.jpg 300w, https:\/\/www.oseba.ch\/wordpress\/wp-content\/uploads\/2011\/05\/tn_DSC_1371.jpg 1024w\" sizes=\"(max-width: 180px) 100vw, 180px\" \/><\/a><\/p>\n<p style=\"text-align: center;\">7 juin 2011, Meylan, bivouac peu avant Grenoble, au bord de l\u2019Is\u00e8re.<\/p>\n<p style=\"text-align: center;\"><a href=\"https:\/\/www.oseba.ch\/wordpress\/wp-content\/uploads\/2011\/05\/tn_DSC_1312.jpg\"><img loading=\"lazy\" decoding=\"async\" class=\"aligncenter size-medium wp-image-432\" title=\"tn_DSC_1312\" src=\"https:\/\/www.oseba.ch\/wordpress\/wp-content\/uploads\/2011\/05\/tn_DSC_1312-300x200.jpg\" alt=\"\" width=\"180\" height=\"120\" srcset=\"https:\/\/www.oseba.ch\/wordpress\/wp-content\/uploads\/2011\/05\/tn_DSC_1312-300x200.jpg 300w, https:\/\/www.oseba.ch\/wordpress\/wp-content\/uploads\/2011\/05\/tn_DSC_1312.jpg 1024w\" sizes=\"(max-width: 180px) 100vw, 180px\" \/><\/a><\/p>\n<p style=\"text-align: center;\">6 juin 2011, lac du Bois Gramont, commune de Bernin, bivouac au bord du lac, avec vue sur la dent de Crolles.<\/p>\n<p style=\"text-align: center;\"><a href=\"https:\/\/www.oseba.ch\/wordpress\/wp-content\/uploads\/2011\/05\/tn_DSC_1278.jpg\"><img loading=\"lazy\" decoding=\"async\" class=\"aligncenter size-medium wp-image-431\" title=\"tn_DSC_1278\" src=\"https:\/\/www.oseba.ch\/wordpress\/wp-content\/uploads\/2011\/05\/tn_DSC_1278-300x200.jpg\" alt=\"\" width=\"180\" height=\"120\" srcset=\"https:\/\/www.oseba.ch\/wordpress\/wp-content\/uploads\/2011\/05\/tn_DSC_1278-300x200.jpg 300w, https:\/\/www.oseba.ch\/wordpress\/wp-content\/uploads\/2011\/05\/tn_DSC_1278.jpg 1024w\" sizes=\"(max-width: 180px) 100vw, 180px\" \/><\/a><\/p>\n<p style=\"text-align: center;\">1-5 juin 2011, St Hilaire du Touvet, camping \u00ab\u00a0des parapentes\u00a0\u00bb, s\u00e9jour avec Carina et famille.<\/p>\n<p style=\"text-align: center;\"><a href=\"https:\/\/www.oseba.ch\/wordpress\/wp-content\/uploads\/2011\/05\/tn_DSC_1184.jpg\"><img loading=\"lazy\" decoding=\"async\" class=\"size-medium wp-image-394 aligncenter\" title=\"tn_DSC_1184\" src=\"https:\/\/www.oseba.ch\/wordpress\/wp-content\/uploads\/2011\/05\/tn_DSC_1184-300x200.jpg\" alt=\"\" width=\"180\" height=\"120\" srcset=\"https:\/\/www.oseba.ch\/wordpress\/wp-content\/uploads\/2011\/05\/tn_DSC_1184-300x200.jpg 300w, https:\/\/www.oseba.ch\/wordpress\/wp-content\/uploads\/2011\/05\/tn_DSC_1184.jpg 1024w\" sizes=\"(max-width: 180px) 100vw, 180px\" \/><\/a><\/p>\n<p style=\"text-align: center;\">31 mai 2011, Col du Coq, dodo en camping car des parents \u00e0 Sonia, 15 cm de neige fra\u00eeche au matin, 1400m.<\/p>\n<p><a href=\"https:\/\/www.oseba.ch\/wordpress\/wp-content\/uploads\/2011\/05\/tn_DSC_1057.jpg\"><img loading=\"lazy\" decoding=\"async\" class=\"size-medium wp-image-392 alignleft\" title=\"tn_DSC_1057\" src=\"https:\/\/www.oseba.ch\/wordpress\/wp-content\/uploads\/2011\/05\/tn_DSC_1057-300x200.jpg\" alt=\"\" width=\"180\" height=\"120\" srcset=\"https:\/\/www.oseba.ch\/wordpress\/wp-content\/uploads\/2011\/05\/tn_DSC_1057-300x200.jpg 300w, https:\/\/www.oseba.ch\/wordpress\/wp-content\/uploads\/2011\/05\/tn_DSC_1057.jpg 1024w\" sizes=\"(max-width: 180px) 100vw, 180px\" \/><\/a><a href=\"https:\/\/www.oseba.ch\/wordpress\/wp-content\/uploads\/2011\/05\/tn_DSC_1059.jpg\"><img loading=\"lazy\" decoding=\"async\" class=\"alignright\" title=\"tn_DSC_1059\" src=\"https:\/\/www.oseba.ch\/wordpress\/wp-content\/uploads\/2011\/05\/tn_DSC_1059-300x200.jpg\" alt=\"\" width=\"180\" height=\"120\" \/><\/a><\/p>\n<p style=\"text-align: center;\">28-30 mai 2011, La Martini\u00e8re, commune de St-Pierre-de-Chartreuse, camping.<\/p>\n<p style=\"text-align: center;\"><a href=\"https:\/\/www.oseba.ch\/wordpress\/wp-content\/uploads\/2011\/05\/tn_DSC_1051.jpg\"><img loading=\"lazy\" decoding=\"async\" class=\"aligncenter size-medium wp-image-391\" title=\"tn_DSC_1051\" src=\"https:\/\/www.oseba.ch\/wordpress\/wp-content\/uploads\/2011\/05\/tn_DSC_1051-300x200.jpg\" alt=\"\" width=\"180\" height=\"120\" srcset=\"https:\/\/www.oseba.ch\/wordpress\/wp-content\/uploads\/2011\/05\/tn_DSC_1051-300x200.jpg 300w, https:\/\/www.oseba.ch\/wordpress\/wp-content\/uploads\/2011\/05\/tn_DSC_1051.jpg 1024w\" sizes=\"(max-width: 180px) 100vw, 180px\" \/><\/a><br \/>\n25-27 mai 2011, St Pierre-d\u2019Entremont, camping du Cozon o\u00f9 nous profitons de 2 jours de repos au milieu de cette magnifique Chartreus, dont un jour pluvieux.<\/p>\n<p style=\"text-align: center;\"><a href=\"https:\/\/www.oseba.ch\/wordpress\/wp-content\/uploads\/2011\/05\/tn_DSC_0981.jpg\"><img loading=\"lazy\" decoding=\"async\" class=\"aligncenter size-medium wp-image-390\" title=\"tn_DSC_0981\" src=\"https:\/\/www.oseba.ch\/wordpress\/wp-content\/uploads\/2011\/05\/tn_DSC_0981-300x200.jpg\" alt=\"\" width=\"180\" height=\"120\" srcset=\"https:\/\/www.oseba.ch\/wordpress\/wp-content\/uploads\/2011\/05\/tn_DSC_0981-300x200.jpg 300w, https:\/\/www.oseba.ch\/wordpress\/wp-content\/uploads\/2011\/05\/tn_DSC_0981.jpg 1024w\" sizes=\"(max-width: 180px) 100vw, 180px\" \/><\/a><br \/>\n24 mai 2011, Epernay ou Entremont-le Vieux, camping, le soleil est toujours de la partie.<\/p>\n<p style=\"text-align: center;\"><a href=\"https:\/\/www.oseba.ch\/wordpress\/wp-content\/uploads\/2011\/05\/tn_DSC_0949.jpg\"><img loading=\"lazy\" decoding=\"async\" class=\"aligncenter size-medium wp-image-389\" title=\"tn_DSC_0949\" src=\"https:\/\/www.oseba.ch\/wordpress\/wp-content\/uploads\/2011\/05\/tn_DSC_0949-300x200.jpg\" alt=\"\" width=\"180\" height=\"120\" srcset=\"https:\/\/www.oseba.ch\/wordpress\/wp-content\/uploads\/2011\/05\/tn_DSC_0949-300x200.jpg 300w, https:\/\/www.oseba.ch\/wordpress\/wp-content\/uploads\/2011\/05\/tn_DSC_0949.jpg 1024w\" sizes=\"(max-width: 180px) 100vw, 180px\" \/><\/a><br \/>\n23 mai 2011, La Grande-Montagne commune de St Baldoph, sous tente chez Roger qui nous laisse monter notre tente avec une vue magnifique sur Granier.<\/p>\n<p><a href=\"https:\/\/www.oseba.ch\/wordpress\/wp-content\/uploads\/2011\/05\/tn_DSC_0900.jpg\"><img loading=\"lazy\" decoding=\"async\" class=\"alignleft\" title=\"tn_DSC_0900\" src=\"https:\/\/www.oseba.ch\/wordpress\/wp-content\/uploads\/2011\/05\/tn_DSC_0900-300x200.jpg\" alt=\"\" width=\"180\" height=\"120\" \/><\/a><a href=\"https:\/\/www.oseba.ch\/wordpress\/wp-content\/uploads\/2011\/05\/tn_DSC_0896.jpg\"><img loading=\"lazy\" decoding=\"async\" class=\"alignright\" title=\"tn_DSC_0896\" src=\"https:\/\/www.oseba.ch\/wordpress\/wp-content\/uploads\/2011\/05\/tn_DSC_0896-300x200.jpg\" alt=\"\" width=\"180\" height=\"120\" \/><\/a><\/p>\n<p style=\"text-align: center;\">21-22 mai 2011, Challes-les-eaux, camping avec un coin de baignade bienvenu.<\/p>\n<p style=\"text-align: center;\"><a href=\"https:\/\/www.oseba.ch\/wordpress\/wp-content\/uploads\/2011\/05\/tn_DSC_08601.jpg\"><img loading=\"lazy\" decoding=\"async\" class=\"aligncenter size-medium wp-image-386\" title=\"tn_DSC_0860\" src=\"https:\/\/www.oseba.ch\/wordpress\/wp-content\/uploads\/2011\/05\/tn_DSC_08601-300x200.jpg\" alt=\"\" width=\"180\" height=\"120\" srcset=\"https:\/\/www.oseba.ch\/wordpress\/wp-content\/uploads\/2011\/05\/tn_DSC_08601-300x200.jpg 300w, https:\/\/www.oseba.ch\/wordpress\/wp-content\/uploads\/2011\/05\/tn_DSC_08601.jpg 1024w\" sizes=\"(max-width: 180px) 100vw, 180px\" \/><\/a><\/p>\n<p style=\"text-align: center;\">20 mai 2011, Lachat commune de Mery, sous tente chez Jacqueline, une connaissance de Philippe, nous passons la soir\u00e9e avec Sabine, Nicolas et Florian qui reste avec nous 3 jours.<\/p>\n<p style=\"text-align: center;\"><a href=\"https:\/\/www.oseba.ch\/wordpress\/wp-content\/uploads\/2011\/05\/tn_DSC_0797.jpg\"><img loading=\"lazy\" decoding=\"async\" class=\"aligncenter size-medium wp-image-383\" title=\"tn_DSC_0797\" src=\"https:\/\/www.oseba.ch\/wordpress\/wp-content\/uploads\/2011\/05\/tn_DSC_0797-300x200.jpg\" alt=\"\" width=\"180\" height=\"120\" srcset=\"https:\/\/www.oseba.ch\/wordpress\/wp-content\/uploads\/2011\/05\/tn_DSC_0797-300x200.jpg 300w, https:\/\/www.oseba.ch\/wordpress\/wp-content\/uploads\/2011\/05\/tn_DSC_0797.jpg 1024w\" sizes=\"(max-width: 180px) 100vw, 180px\" \/><\/a><\/p>\n<p style=\"text-align: center;\">10-19 mai 2011, au Montcel, Chez Chantal et Philippe, nos amis du chemin de St Jacques de Compostelle, vacances avec un petite maison pour nous.<\/p>\n<p style=\"text-align: center;\"><a href=\"https:\/\/www.oseba.ch\/wordpress\/wp-content\/uploads\/2011\/05\/tn_DSC_0645.jpg\"><img loading=\"lazy\" decoding=\"async\" class=\"size-medium wp-image-310 alignleft\" title=\"tn_DSC_0645\" src=\"https:\/\/www.oseba.ch\/wordpress\/wp-content\/uploads\/2011\/05\/tn_DSC_0645-300x200.jpg\" alt=\"\" width=\"180\" height=\"120\" srcset=\"https:\/\/www.oseba.ch\/wordpress\/wp-content\/uploads\/2011\/05\/tn_DSC_0645-300x200.jpg 300w, https:\/\/www.oseba.ch\/wordpress\/wp-content\/uploads\/2011\/05\/tn_DSC_0645.jpg 1024w\" sizes=\"(max-width: 180px) 100vw, 180px\" \/><\/a><a href=\"https:\/\/www.oseba.ch\/wordpress\/wp-content\/uploads\/2011\/05\/tn_DSC_0668.jpg\"><img loading=\"lazy\" decoding=\"async\" class=\"alignright size-medium wp-image-384\" title=\"tn_DSC_0668\" src=\"https:\/\/www.oseba.ch\/wordpress\/wp-content\/uploads\/2011\/05\/tn_DSC_0668-300x200.jpg\" alt=\"\" width=\"180\" height=\"120\" srcset=\"https:\/\/www.oseba.ch\/wordpress\/wp-content\/uploads\/2011\/05\/tn_DSC_0668-300x200.jpg 300w, https:\/\/www.oseba.ch\/wordpress\/wp-content\/uploads\/2011\/05\/tn_DSC_0668.jpg 1024w\" sizes=\"(max-width: 180px) 100vw, 180px\" \/><\/a><\/p>\n<p style=\"text-align: center;\">9 mai 2011, All\u00e8ves, sous tente sur une magnifique place de jeu en petit galet.<\/p>\n<p style=\"text-align: center;\"><a href=\"https:\/\/www.oseba.ch\/wordpress\/wp-content\/uploads\/2011\/05\/tn_DSC_05962.jpg\"><img loading=\"lazy\" decoding=\"async\" class=\"size-medium wp-image-325 aligncenter\" title=\"tn_DSC_0596\" src=\"https:\/\/www.oseba.ch\/wordpress\/wp-content\/uploads\/2011\/05\/tn_DSC_05962-300x200.jpg\" alt=\"\" width=\"180\" height=\"120\" srcset=\"https:\/\/www.oseba.ch\/wordpress\/wp-content\/uploads\/2011\/05\/tn_DSC_05962-300x200.jpg 300w, https:\/\/www.oseba.ch\/wordpress\/wp-content\/uploads\/2011\/05\/tn_DSC_05962.jpg 1024w\" sizes=\"(max-width: 180px) 100vw, 180px\" \/><\/a><\/p>\n<p style=\"text-align: center;\">8 mai 2011, Le Villars, commune de Bellecombe-en-Bauges, camping Les Framboisiers avec une vue magnifique sur les Bauges.<\/p>\n<p style=\"text-align: center;\"><a href=\"https:\/\/www.oseba.ch\/wordpress\/wp-content\/uploads\/2011\/05\/tn_DSC_0570.jpg\"><img loading=\"lazy\" decoding=\"async\" class=\"size-medium wp-image-324 aligncenter\" title=\"tn_DSC_0570\" src=\"https:\/\/www.oseba.ch\/wordpress\/wp-content\/uploads\/2011\/05\/tn_DSC_0570-300x200.jpg\" alt=\"\" width=\"180\" height=\"120\" srcset=\"https:\/\/www.oseba.ch\/wordpress\/wp-content\/uploads\/2011\/05\/tn_DSC_0570-300x200.jpg 300w, https:\/\/www.oseba.ch\/wordpress\/wp-content\/uploads\/2011\/05\/tn_DSC_0570.jpg 1024w\" sizes=\"(max-width: 180px) 100vw, 180px\" \/><\/a><\/p>\n<p style=\"text-align: center;\">7 mai 2011, Entredozon Drand, apr\u00e8s St Jorioz dans la vall\u00e9e, sous tente \u00e0 l\u2019or\u00e9e d\u2019une for\u00eat.<\/p>\n<p style=\"text-align: center;\"><a href=\"https:\/\/www.oseba.ch\/wordpress\/wp-content\/uploads\/2011\/05\/tn_DSC_0566.jpg\"><img loading=\"lazy\" decoding=\"async\" class=\"size-medium wp-image-323 aligncenter\" title=\"tn_DSC_0566\" src=\"https:\/\/www.oseba.ch\/wordpress\/wp-content\/uploads\/2011\/05\/tn_DSC_0566-300x200.jpg\" alt=\"\" width=\"180\" height=\"120\" srcset=\"https:\/\/www.oseba.ch\/wordpress\/wp-content\/uploads\/2011\/05\/tn_DSC_0566-300x200.jpg 300w, https:\/\/www.oseba.ch\/wordpress\/wp-content\/uploads\/2011\/05\/tn_DSC_0566.jpg 1024w\" sizes=\"(max-width: 180px) 100vw, 180px\" \/><\/a><\/p>\n<p style=\"text-align: center;\">5-6 mai 2011, La Thuile, camping avec piscine.<\/p>\n<p style=\"text-align: center;\"><a href=\"https:\/\/www.oseba.ch\/wordpress\/wp-content\/uploads\/2011\/05\/tn_DSC_0557.jpg\"><img loading=\"lazy\" decoding=\"async\" class=\"size-medium wp-image-322 aligncenter\" title=\"tn_DSC_0557\" src=\"https:\/\/www.oseba.ch\/wordpress\/wp-content\/uploads\/2011\/05\/tn_DSC_0557-300x200.jpg\" alt=\"\" width=\"180\" height=\"120\" srcset=\"https:\/\/www.oseba.ch\/wordpress\/wp-content\/uploads\/2011\/05\/tn_DSC_0557-300x200.jpg 300w, https:\/\/www.oseba.ch\/wordpress\/wp-content\/uploads\/2011\/05\/tn_DSC_0557.jpg 1024w\" sizes=\"(max-width: 180px) 100vw, 180px\" \/><\/a><\/p>\n<p style=\"text-align: center;\">4 mai 2011, Col de la Forclaz, en camping car avec les parents de Sonia, vue superbe sur le Lac d\u2019Annecy.<\/p>\n<p style=\"text-align: center;\"><a href=\"https:\/\/www.oseba.ch\/wordpress\/wp-content\/uploads\/2011\/05\/tn_DSC_0549.jpg\"><img loading=\"lazy\" decoding=\"async\" class=\"size-medium wp-image-321 aligncenter\" title=\"tn_DSC_0549\" src=\"https:\/\/www.oseba.ch\/wordpress\/wp-content\/uploads\/2011\/05\/tn_DSC_0549-300x200.jpg\" alt=\"\" width=\"180\" height=\"120\" srcset=\"https:\/\/www.oseba.ch\/wordpress\/wp-content\/uploads\/2011\/05\/tn_DSC_0549-300x200.jpg 300w, https:\/\/www.oseba.ch\/wordpress\/wp-content\/uploads\/2011\/05\/tn_DSC_0549.jpg 1024w\" sizes=\"(max-width: 180px) 100vw, 180px\" \/><\/a>3 mai 2011, Montremont, en camping car avec les parents de Sonia.<\/p>\n<p style=\"text-align: center;\"><a href=\"https:\/\/www.oseba.ch\/wordpress\/wp-content\/uploads\/2011\/05\/tn_DSC_0532.jpg\"><img loading=\"lazy\" decoding=\"async\" class=\"aligncenter size-medium wp-image-320\" title=\"tn_DSC_0532\" src=\"https:\/\/www.oseba.ch\/wordpress\/wp-content\/uploads\/2011\/05\/tn_DSC_0532-300x200.jpg\" alt=\"\" width=\"180\" height=\"120\" srcset=\"https:\/\/www.oseba.ch\/wordpress\/wp-content\/uploads\/2011\/05\/tn_DSC_0532-300x200.jpg 300w, https:\/\/www.oseba.ch\/wordpress\/wp-content\/uploads\/2011\/05\/tn_DSC_0532.jpg 1024w\" sizes=\"(max-width: 180px) 100vw, 180px\" \/><\/a><\/p>\n<p style=\"text-align: center;\">1<sup>er<\/sup>-2 mai 2011, La Balme-de-Thuy, en camping car avec les parents de Sonia.<\/p>\n<p style=\"text-align: center;\"><a href=\"https:\/\/www.oseba.ch\/wordpress\/wp-content\/uploads\/2011\/05\/tn_DSC_0513.jpg\"><img loading=\"lazy\" decoding=\"async\" class=\"aligncenter size-medium wp-image-319\" title=\"tn_DSC_0513\" src=\"https:\/\/www.oseba.ch\/wordpress\/wp-content\/uploads\/2011\/05\/tn_DSC_0513-300x200.jpg\" alt=\"\" width=\"180\" height=\"120\" srcset=\"https:\/\/www.oseba.ch\/wordpress\/wp-content\/uploads\/2011\/05\/tn_DSC_0513-300x200.jpg 300w, https:\/\/www.oseba.ch\/wordpress\/wp-content\/uploads\/2011\/05\/tn_DSC_0513.jpg 1024w\" sizes=\"(max-width: 180px) 100vw, 180px\" \/><\/a><\/p>\n<p style=\"text-align: center;\">9-30 avril 2011, Plateau des Gli\u00e8res, refuge Chez Constance.<\/p>\n<p style=\"text-align: center;\"><a href=\"https:\/\/www.oseba.ch\/wordpress\/wp-content\/uploads\/2011\/05\/tn_DSC_0484.jpg\"><img loading=\"lazy\" decoding=\"async\" class=\"size-medium wp-image-317 alignleft\" title=\"tn_DSC_0484\" src=\"https:\/\/www.oseba.ch\/wordpress\/wp-content\/uploads\/2011\/05\/tn_DSC_0484-300x200.jpg\" alt=\"\" width=\"180\" height=\"120\" srcset=\"https:\/\/www.oseba.ch\/wordpress\/wp-content\/uploads\/2011\/05\/tn_DSC_0484-300x200.jpg 300w, https:\/\/www.oseba.ch\/wordpress\/wp-content\/uploads\/2011\/05\/tn_DSC_0484.jpg 1024w\" sizes=\"(max-width: 180px) 100vw, 180px\" \/><\/a><a href=\"https:\/\/www.oseba.ch\/wordpress\/wp-content\/uploads\/2011\/05\/tn_DSC_0487.jpg\"><img loading=\"lazy\" decoding=\"async\" class=\"aligncenter size-medium wp-image-318\" title=\"tn_DSC_0487\" src=\"https:\/\/www.oseba.ch\/wordpress\/wp-content\/uploads\/2011\/05\/tn_DSC_0487-300x200.jpg\" alt=\"\" width=\"180\" height=\"120\" srcset=\"https:\/\/www.oseba.ch\/wordpress\/wp-content\/uploads\/2011\/05\/tn_DSC_0487-300x200.jpg 300w, https:\/\/www.oseba.ch\/wordpress\/wp-content\/uploads\/2011\/05\/tn_DSC_0487.jpg 1024w\" sizes=\"(max-width: 180px) 100vw, 180px\" \/><\/a><\/p>\n<p style=\"text-align: center;\">28 avril 2011, Le Petit-Bornand, \u00ab\u00a0\u00e0 la belle \u00e9toile\u00a0\u00bb, mais sous un avant-toit, abrit\u00e9 d\u2019une b\u00e2che.<\/p>\n<p><a href=\"https:\/\/www.oseba.ch\/wordpress\/wp-content\/uploads\/2011\/05\/tn_DSC_04721.jpg\"><img loading=\"lazy\" decoding=\"async\" class=\"alignleft size-medium wp-image-315\" title=\"tn_DSC_0472\" src=\"https:\/\/www.oseba.ch\/wordpress\/wp-content\/uploads\/2011\/05\/tn_DSC_04721-300x200.jpg\" alt=\"\" width=\"180\" height=\"120\" srcset=\"https:\/\/www.oseba.ch\/wordpress\/wp-content\/uploads\/2011\/05\/tn_DSC_04721-300x200.jpg 300w, https:\/\/www.oseba.ch\/wordpress\/wp-content\/uploads\/2011\/05\/tn_DSC_04721.jpg 1024w\" sizes=\"(max-width: 180px) 100vw, 180px\" \/><\/a><a href=\"https:\/\/www.oseba.ch\/wordpress\/wp-content\/uploads\/2011\/05\/tn_DSC_0476.jpg\"><img loading=\"lazy\" decoding=\"async\" class=\"size-medium wp-image-316 alignright\" title=\"tn_DSC_0476\" src=\"https:\/\/www.oseba.ch\/wordpress\/wp-content\/uploads\/2011\/05\/tn_DSC_0476-300x200.jpg\" alt=\"\" width=\"180\" height=\"120\" srcset=\"https:\/\/www.oseba.ch\/wordpress\/wp-content\/uploads\/2011\/05\/tn_DSC_0476-300x200.jpg 300w, https:\/\/www.oseba.ch\/wordpress\/wp-content\/uploads\/2011\/05\/tn_DSC_0476.jpg 1024w\" sizes=\"(max-width: 180px) 100vw, 180px\" \/><\/a><\/p>\n<p style=\"text-align: center;\">27 avril 2011, La Roche-sur-Foron, chambre dans un couvent.<\/p>\n<p style=\"text-align: center;\"><a href=\"https:\/\/www.oseba.ch\/wordpress\/wp-content\/uploads\/2011\/05\/tn_DSC_0465.jpg\"><img loading=\"lazy\" decoding=\"async\" class=\"aligncenter size-medium wp-image-314\" title=\"tn_DSC_0465\" src=\"https:\/\/www.oseba.ch\/wordpress\/wp-content\/uploads\/2011\/05\/tn_DSC_0465-300x200.jpg\" alt=\"\" width=\"180\" height=\"120\" srcset=\"https:\/\/www.oseba.ch\/wordpress\/wp-content\/uploads\/2011\/05\/tn_DSC_0465-300x200.jpg 300w, https:\/\/www.oseba.ch\/wordpress\/wp-content\/uploads\/2011\/05\/tn_DSC_0465.jpg 1024w\" sizes=\"(max-width: 180px) 100vw, 180px\" \/><\/a><\/p>\n<p style=\"text-align: center;\">26 avril 2011, Reigner, sous tente \u00e0 c\u00f4t\u00e9 de la Pierre aux F\u00e9es.<\/p>\n<p style=\"text-align: center;\"><a href=\"https:\/\/www.oseba.ch\/wordpress\/wp-content\/uploads\/2011\/05\/tn_DSC_0459.jpg\"><img loading=\"lazy\" decoding=\"async\" class=\"aligncenter size-medium wp-image-313\" title=\"tn_DSC_0459\" src=\"https:\/\/www.oseba.ch\/wordpress\/wp-content\/uploads\/2011\/05\/tn_DSC_0459-300x200.jpg\" alt=\"\" width=\"180\" height=\"120\" srcset=\"https:\/\/www.oseba.ch\/wordpress\/wp-content\/uploads\/2011\/05\/tn_DSC_0459-300x200.jpg 300w, https:\/\/www.oseba.ch\/wordpress\/wp-content\/uploads\/2011\/05\/tn_DSC_0459.jpg 1024w\" sizes=\"(max-width: 180px) 100vw, 180px\" \/><\/a><\/p>\n<p style=\"text-align: center;\">25 avril 2011, Bonne, \u00e0 c\u00f4t\u00e9 d\u2019un man\u00e8ge, avec Caroline pour une nuit.<\/p>\n<p style=\"text-align: center;\"><a href=\"https:\/\/www.oseba.ch\/wordpress\/wp-content\/uploads\/2011\/05\/tn_DSC_0409.jpg\"><img loading=\"lazy\" decoding=\"async\" class=\"aligncenter size-medium wp-image-312\" title=\"tn_DSC_0409\" src=\"https:\/\/www.oseba.ch\/wordpress\/wp-content\/uploads\/2011\/05\/tn_DSC_0409-300x200.jpg\" alt=\"\" width=\"180\" height=\"120\" srcset=\"https:\/\/www.oseba.ch\/wordpress\/wp-content\/uploads\/2011\/05\/tn_DSC_0409-300x200.jpg 300w, https:\/\/www.oseba.ch\/wordpress\/wp-content\/uploads\/2011\/05\/tn_DSC_0409.jpg 1024w\" sizes=\"(max-width: 180px) 100vw, 180px\" \/><\/a><\/p>\n<p style=\"text-align: center;\">24 avril 2011, Juvigny, lit des enfants chez Claude, un cousin \u00e0 Olivier, et Christophe nous rejoint pour une nuit.<\/p>\n<p style=\"text-align: center;\"><a href=\"https:\/\/www.oseba.ch\/wordpress\/wp-content\/uploads\/2011\/05\/tn_DSC_0394.jpg\"><img loading=\"lazy\" decoding=\"async\" class=\"aligncenter size-medium wp-image-311\" title=\"tn_DSC_0394\" src=\"https:\/\/www.oseba.ch\/wordpress\/wp-content\/uploads\/2011\/05\/tn_DSC_0394-300x200.jpg\" alt=\"\" width=\"180\" height=\"120\" srcset=\"https:\/\/www.oseba.ch\/wordpress\/wp-content\/uploads\/2011\/05\/tn_DSC_0394-300x200.jpg 300w, https:\/\/www.oseba.ch\/wordpress\/wp-content\/uploads\/2011\/05\/tn_DSC_0394.jpg 1024w\" sizes=\"(max-width: 180px) 100vw, 180px\" \/><\/a><\/p>\n<p style=\"text-align: center;\">20-23 avril 2011 , Puplinge, dans la cabane \u00e0 Edwin, un oncle \u00e0 Olivier, \u00e0 c\u00f4t\u00e9 de la prison de Chandollon, Jane nous quitte et Laurianne nous rejoint.<\/p>\n<p style=\"text-align: center;\"><a href=\"https:\/\/www.oseba.ch\/wordpress\/wp-content\/uploads\/2011\/05\/tn_DSC_nuit20-23.4.11-Puplinge.jpg\"><img loading=\"lazy\" decoding=\"async\" class=\"aligncenter size-medium wp-image-327\" title=\"IF\" src=\"https:\/\/www.oseba.ch\/wordpress\/wp-content\/uploads\/2011\/05\/tn_DSC_nuit20-23.4.11-Puplinge-300x225.jpg\" alt=\"\" width=\"180\" height=\"135\" srcset=\"https:\/\/www.oseba.ch\/wordpress\/wp-content\/uploads\/2011\/05\/tn_DSC_nuit20-23.4.11-Puplinge-300x225.jpg 300w, https:\/\/www.oseba.ch\/wordpress\/wp-content\/uploads\/2011\/05\/tn_DSC_nuit20-23.4.11-Puplinge-200x150.jpg 200w, https:\/\/www.oseba.ch\/wordpress\/wp-content\/uploads\/2011\/05\/tn_DSC_nuit20-23.4.11-Puplinge.jpg 1024w\" sizes=\"(max-width: 180px) 100vw, 180px\" \/><\/a><\/p>\n<p style=\"text-align: center;\">19 avril 2011, Vegy-Fonceney, sous tente sur une place de pique-nique, dans une for\u00eat. Magnifique emplacement.<\/p>\n<p style=\"text-align: center;\"><a href=\"https:\/\/www.oseba.ch\/wordpress\/wp-content\/uploads\/2011\/05\/tn_DSC_nuit19.4.11-Foncenex.jpg\"><img loading=\"lazy\" decoding=\"async\" class=\"aligncenter size-medium wp-image-341\" title=\"tn_DSC_nuit19.4.11-Foncenex\" src=\"https:\/\/www.oseba.ch\/wordpress\/wp-content\/uploads\/2011\/05\/tn_DSC_nuit19.4.11-Foncenex-300x200.jpg\" alt=\"\" width=\"180\" height=\"120\" srcset=\"https:\/\/www.oseba.ch\/wordpress\/wp-content\/uploads\/2011\/05\/tn_DSC_nuit19.4.11-Foncenex-300x200.jpg 300w, https:\/\/www.oseba.ch\/wordpress\/wp-content\/uploads\/2011\/05\/tn_DSC_nuit19.4.11-Foncenex.jpg 1024w\" sizes=\"(max-width: 180px) 100vw, 180px\" \/><\/a><\/p>\n<p style=\"text-align: center;\">18 avril 2011, Massongy, sur un bon matelas, chez R\u00e9my, un oncle \u00e0 Olivier.<\/p>\n<p style=\"text-align: center;\"><a href=\"https:\/\/www.oseba.ch\/wordpress\/wp-content\/uploads\/2011\/05\/tn_DSC_nuit18.4.11-Massongy.jpg\"><img loading=\"lazy\" decoding=\"async\" class=\"aligncenter size-medium wp-image-340\" title=\"tn_DSC_nuit18.4.11-Massongy\" src=\"https:\/\/www.oseba.ch\/wordpress\/wp-content\/uploads\/2011\/05\/tn_DSC_nuit18.4.11-Massongy-300x200.jpg\" alt=\"\" width=\"180\" height=\"120\" srcset=\"https:\/\/www.oseba.ch\/wordpress\/wp-content\/uploads\/2011\/05\/tn_DSC_nuit18.4.11-Massongy-300x200.jpg 300w, https:\/\/www.oseba.ch\/wordpress\/wp-content\/uploads\/2011\/05\/tn_DSC_nuit18.4.11-Massongy.jpg 1024w\" sizes=\"(max-width: 180px) 100vw, 180px\" \/><\/a><\/p>\n<p style=\"text-align: center;\">15-17 avril 2011, Jussy, entre Thonnon et Sciez, dans un camping qui poss\u00e8de des chevaux, 2 jours de repos, une nuit avec Carina et famille et depuis dimanche avec Jane.<\/p>\n<p style=\"text-align: center;\"><a href=\"https:\/\/www.oseba.ch\/wordpress\/wp-content\/uploads\/2011\/05\/tn_DSC_nuit15-17.4.11-Jussy.jpg\"><img loading=\"lazy\" decoding=\"async\" class=\"aligncenter size-medium wp-image-339\" title=\"tn_DSC_nuit15-17.4.11-Jussy\" src=\"https:\/\/www.oseba.ch\/wordpress\/wp-content\/uploads\/2011\/05\/tn_DSC_nuit15-17.4.11-Jussy-300x200.jpg\" alt=\"\" width=\"180\" height=\"120\" srcset=\"https:\/\/www.oseba.ch\/wordpress\/wp-content\/uploads\/2011\/05\/tn_DSC_nuit15-17.4.11-Jussy-300x200.jpg 300w, https:\/\/www.oseba.ch\/wordpress\/wp-content\/uploads\/2011\/05\/tn_DSC_nuit15-17.4.11-Jussy.jpg 1024w\" sizes=\"(max-width: 180px) 100vw, 180px\" \/><\/a><\/p>\n<p style=\"text-align: center;\">14 avril 2011, Chullien, apr\u00e8s Champanges, dans un pr\u00e9 \u00e0 c\u00f4t\u00e9 d\u2019une maison.<\/p>\n<p style=\"text-align: center;\"><img loading=\"lazy\" decoding=\"async\" class=\"aligncenter\" title=\"tn_DSC_nuit14.4.11-Chullien\" src=\"https:\/\/www.oseba.ch\/wordpress\/wp-content\/uploads\/2011\/05\/tn_DSC_nuit14.4.11-Chullien-300x200.jpg\" alt=\"\" width=\"180\" height=\"120\" \/><\/p>\n<p style=\"text-align: center;\">13 avril 2011, La Verniaz, sur les hauts d\u2019Evian, dans le gazon d\u2019une maison, avec toujours une magnifique vue sur le lac et sur Lausanne.<\/p>\n<p style=\"text-align: center;\"><a href=\"https:\/\/www.oseba.ch\/wordpress\/wp-content\/uploads\/2011\/05\/tn_DSC_nuit13.4.11-la-Verniaz.jpg\"><img loading=\"lazy\" decoding=\"async\" class=\"aligncenter size-medium wp-image-337\" title=\"tn_DSC_nuit13.4.11-la-Verniaz\" src=\"https:\/\/www.oseba.ch\/wordpress\/wp-content\/uploads\/2011\/05\/tn_DSC_nuit13.4.11-la-Verniaz-300x200.jpg\" alt=\"\" width=\"180\" height=\"120\" srcset=\"https:\/\/www.oseba.ch\/wordpress\/wp-content\/uploads\/2011\/05\/tn_DSC_nuit13.4.11-la-Verniaz-300x200.jpg 300w, https:\/\/www.oseba.ch\/wordpress\/wp-content\/uploads\/2011\/05\/tn_DSC_nuit13.4.11-la-Verniaz.jpg 1024w\" sizes=\"(max-width: 180px) 100vw, 180px\" \/><\/a><\/p>\n<p style=\"text-align: center;\">12 avril 2011, Thollon-les-M\u00e9mises, dans un lit chez Sylvie et Gilles qui nous accueille g\u00e9n\u00e9reusement chez eux.<\/p>\n<p style=\"text-align: center;\"><a href=\"https:\/\/www.oseba.ch\/wordpress\/wp-content\/uploads\/2011\/05\/tn_DSC_nuit12.4.11-Tollon-les-Memises.jpg\"><img loading=\"lazy\" decoding=\"async\" class=\"aligncenter size-medium wp-image-336\" title=\"tn_DSC_nuit12.4.11-Tollon-les-Memises\" src=\"https:\/\/www.oseba.ch\/wordpress\/wp-content\/uploads\/2011\/05\/tn_DSC_nuit12.4.11-Tollon-les-Memises-300x200.jpg\" alt=\"\" width=\"180\" height=\"120\" srcset=\"https:\/\/www.oseba.ch\/wordpress\/wp-content\/uploads\/2011\/05\/tn_DSC_nuit12.4.11-Tollon-les-Memises-300x200.jpg 300w, https:\/\/www.oseba.ch\/wordpress\/wp-content\/uploads\/2011\/05\/tn_DSC_nuit12.4.11-Tollon-les-Memises.jpg 1024w\" sizes=\"(max-width: 180px) 100vw, 180px\" \/><\/a><\/p>\n<p style=\"text-align: center;\">11 avril 2011, Locum, dans un pr\u00e9, avec vue sur le Lac L\u00e9man.<\/p>\n<p style=\"text-align: center;\"><a href=\"https:\/\/www.oseba.ch\/wordpress\/wp-content\/uploads\/2011\/05\/tn_DSC_nuit11.4.11-Locum.jpg\"><img loading=\"lazy\" decoding=\"async\" class=\"aligncenter size-medium wp-image-334\" title=\"tn_DSC_nuit11.4.11 Locum\" src=\"https:\/\/www.oseba.ch\/wordpress\/wp-content\/uploads\/2011\/05\/tn_DSC_nuit11.4.11-Locum-300x200.jpg\" alt=\"\" width=\"180\" height=\"120\" srcset=\"https:\/\/www.oseba.ch\/wordpress\/wp-content\/uploads\/2011\/05\/tn_DSC_nuit11.4.11-Locum-300x200.jpg 300w, https:\/\/www.oseba.ch\/wordpress\/wp-content\/uploads\/2011\/05\/tn_DSC_nuit11.4.11-Locum.jpg 1024w\" sizes=\"(max-width: 180px) 100vw, 180px\" \/><\/a><\/p>\n<p style=\"text-align: center;\">9-10 avril 2011, Le Bouveret, 2 nuits au camping, sous tente.<\/p>\n<p style=\"text-align: center;\"><a href=\"https:\/\/www.oseba.ch\/wordpress\/wp-content\/uploads\/2011\/05\/tn_DSC_nuit9-10.4.11-Le-Bouveret.jpg\"><img loading=\"lazy\" decoding=\"async\" class=\"aligncenter size-medium wp-image-333\" title=\"tn_DSC_nuit9-10.4.11 Le Bouveret\" src=\"https:\/\/www.oseba.ch\/wordpress\/wp-content\/uploads\/2011\/05\/tn_DSC_nuit9-10.4.11-Le-Bouveret-300x200.jpg\" alt=\"\" width=\"180\" height=\"120\" srcset=\"https:\/\/www.oseba.ch\/wordpress\/wp-content\/uploads\/2011\/05\/tn_DSC_nuit9-10.4.11-Le-Bouveret-300x200.jpg 300w, https:\/\/www.oseba.ch\/wordpress\/wp-content\/uploads\/2011\/05\/tn_DSC_nuit9-10.4.11-Le-Bouveret.jpg 1024w\" sizes=\"(max-width: 180px) 100vw, 180px\" \/><\/a><\/p>\n<p style=\"text-align: center;\">8 avril 2011, Villeneuve, dans le camping, dodo dans le camping car aux parents \u00e0 Sonia.<\/p>\n<p style=\"text-align: center;\"><a href=\"https:\/\/www.oseba.ch\/wordpress\/wp-content\/uploads\/2011\/05\/tn_DSC_nuit8.4.11-Villeneuve.jpg\"><img loading=\"lazy\" decoding=\"async\" class=\"aligncenter size-medium wp-image-332\" title=\"tn_DSC_nuit8.4.11 Villeneuve\" src=\"https:\/\/www.oseba.ch\/wordpress\/wp-content\/uploads\/2011\/05\/tn_DSC_nuit8.4.11-Villeneuve-300x200.jpg\" alt=\"\" width=\"180\" height=\"120\" srcset=\"https:\/\/www.oseba.ch\/wordpress\/wp-content\/uploads\/2011\/05\/tn_DSC_nuit8.4.11-Villeneuve-300x200.jpg 300w, https:\/\/www.oseba.ch\/wordpress\/wp-content\/uploads\/2011\/05\/tn_DSC_nuit8.4.11-Villeneuve.jpg 1024w\" sizes=\"(max-width: 180px) 100vw, 180px\" \/><\/a><\/p>\n<p style=\"text-align: center;\">7 avril 2011, La Tour-de-Peilz, sous tente \u00e0 c\u00f4t\u00e9 d\u2019une grande ferme, avec Sabine.<\/p>\n<p style=\"text-align: center;\"><a href=\"https:\/\/www.oseba.ch\/wordpress\/wp-content\/uploads\/2011\/05\/tn_DSC_nuit7.4.11-La-tour-de-Peilz.jpg\"><img loading=\"lazy\" decoding=\"async\" class=\"aligncenter size-medium wp-image-331\" title=\"tn_DSC_nuit7.4.11 La tour-de-Peilz\" src=\"https:\/\/www.oseba.ch\/wordpress\/wp-content\/uploads\/2011\/05\/tn_DSC_nuit7.4.11-La-tour-de-Peilz-300x200.jpg\" alt=\"\" width=\"180\" height=\"120\" srcset=\"https:\/\/www.oseba.ch\/wordpress\/wp-content\/uploads\/2011\/05\/tn_DSC_nuit7.4.11-La-tour-de-Peilz-300x200.jpg 300w, https:\/\/www.oseba.ch\/wordpress\/wp-content\/uploads\/2011\/05\/tn_DSC_nuit7.4.11-La-tour-de-Peilz.jpg 1024w\" sizes=\"(max-width: 180px) 100vw, 180px\" \/><\/a><\/p>\n<p style=\"text-align: center;\">6 avril 2011, Le Fenil-sur-Corsier, on monte la tente pour la premi\u00e8re fois \u00e0 c\u00f4t\u00e9 d\u2019un petit cimeti\u00e8re.<\/p>\n<p style=\"text-align: center;\"><a href=\"https:\/\/www.oseba.ch\/wordpress\/wp-content\/uploads\/2011\/05\/tn_DSC_nuit6.4.11-Le-fenil-sur-Corsier.jpg\"><img loading=\"lazy\" decoding=\"async\" class=\"aligncenter size-medium wp-image-330\" title=\"tn_DSC_nuit6.4.11 Le fenil sur Corsier\" src=\"https:\/\/www.oseba.ch\/wordpress\/wp-content\/uploads\/2011\/05\/tn_DSC_nuit6.4.11-Le-fenil-sur-Corsier-300x200.jpg\" alt=\"\" width=\"180\" height=\"120\" srcset=\"https:\/\/www.oseba.ch\/wordpress\/wp-content\/uploads\/2011\/05\/tn_DSC_nuit6.4.11-Le-fenil-sur-Corsier-300x200.jpg 300w, https:\/\/www.oseba.ch\/wordpress\/wp-content\/uploads\/2011\/05\/tn_DSC_nuit6.4.11-Le-fenil-sur-Corsier.jpg 1024w\" sizes=\"(max-width: 180px) 100vw, 180px\" \/><\/a><\/p>\n<p style=\"text-align: center;\">5 avril 2011, Maracon, bon matelas chez Serge un cousin \u00e0 Olivier.<\/p>\n<p style=\"text-align: center;\">4 avril 2011, La goille \u00e0 Jean, dortoir improvis\u00e9 dans la paille.<\/p>\n<p style=\"text-align: center;\"><img loading=\"lazy\" decoding=\"async\" class=\"aligncenter\" title=\"tn_DSC_nuit4.4.11 ferme\" src=\"https:\/\/www.oseba.ch\/wordpress\/wp-content\/uploads\/2011\/05\/tn_DSC_nuit4.4.11-ferme-300x200.jpg\" alt=\"\" width=\"180\" height=\"120\" \/><\/p>\n<p style=\"text-align: center;\">3 avril 2011, Vuadens, un canap\u00e9 chez Manu et Marie-Laure et fillou \u00e0 Olivier.<\/p>\n<p style=\"text-align: center;\"><a href=\"https:\/\/www.oseba.ch\/wordpress\/wp-content\/uploads\/2011\/05\/tn_DSC_nuit3.4.11-Vuadens.jpg\"><img loading=\"lazy\" decoding=\"async\" class=\"aligncenter size-medium wp-image-328\" title=\"tn_DSC_nuit3.4.11 Vuadens\" src=\"https:\/\/www.oseba.ch\/wordpress\/wp-content\/uploads\/2011\/05\/tn_DSC_nuit3.4.11-Vuadens-300x200.jpg\" alt=\"\" width=\"180\" height=\"120\" srcset=\"https:\/\/www.oseba.ch\/wordpress\/wp-content\/uploads\/2011\/05\/tn_DSC_nuit3.4.11-Vuadens-300x200.jpg 300w, https:\/\/www.oseba.ch\/wordpress\/wp-content\/uploads\/2011\/05\/tn_DSC_nuit3.4.11-Vuadens.jpg 1024w\" sizes=\"(max-width: 180px) 100vw, 180px\" \/><\/a><\/p>\n<p style=\"text-align: center;\">2 avril 2011, Vuippens, f\u00eate au centre paroissial.<\/p>\n<p style=\"text-align: center;\">1 avril 2011, Echarlens, un lit chez Anita et Philippe et Fillou \u00e0 Olivier<\/p>\n","protected":false},"excerpt":{"rendered":"<p>D\u00e8s le 19 octobre 2011, Ald\u00e9a, pr\u00e8s de Tortosa, petite maison dans les oliviers. 10-16 octobre 2011, Creixell, Borrass\u00e0, Espagne, dodo dans un gite rural, super accueil et belle demeure. 9 octobre 2011, Vilabertran, Espagne, nuit dans un h\u00f4tel, nous en avons marre de monter et ranger la tente et le matos. 8 octobre 2011, [&hellip;]<\/p>\n","protected":false},"author":1,"featured_media":577,"parent":0,"menu_order":0,"comment_status":"open","ping_status":"open","template":"","meta":{"footnotes":""},"class_list":["post-195","page","type-page","status-publish","has-post-thumbnail","hentry"],"_links":{"self":[{"href":"https:\/\/www.oseba.ch\/wordpress\/wp-json\/wp\/v2\/pages\/195"}],"collection":[{"href":"https:\/\/www.oseba.ch\/wordpress\/wp-json\/wp\/v2\/pages"}],"about":[{"href":"https:\/\/www.oseba.ch\/wordpress\/wp-json\/wp\/v2\/types\/page"}],"author":[{"embeddable":true,"href":"https:\/\/www.oseba.ch\/wordpress\/wp-json\/wp\/v2\/users\/1"}],"replies":[{"embeddable":true,"href":"https:\/\/www.oseba.ch\/wordpress\/wp-json\/wp\/v2\/comments?post=195"}],"version-history":[{"count":37,"href":"https:\/\/www.oseba.ch\/wordpress\/wp-json\/wp\/v2\/pages\/195\/revisions"}],"predecessor-version":[{"id":290,"href":"https:\/\/www.oseba.ch\/wordpress\/wp-json\/wp\/v2\/pages\/195\/revisions\/290"}],"wp:featuredmedia":[{"embeddable":true,"href":"https:\/\/www.oseba.ch\/wordpress\/wp-json\/wp\/v2\/media\/577"}],"wp:attachment":[{"href":"https:\/\/www.oseba.ch\/wordpress\/wp-json\/wp\/v2\/media?parent=195"}],"curies":[{"name":"wp","href":"https:\/\/api.w.org\/{rel}","templated":true}]}}